{"id":340,"date":"2025-03-27T14:25:33","date_gmt":"2025-03-27T17:25:33","guid":{"rendered":"https:\/\/www.idfwds2025.com\/?page_id=340"},"modified":"2025-04-10T17:39:54","modified_gmt":"2025-04-10T20:39:54","slug":"pre-post-tours","status":"publish","type":"page","link":"https:\/\/www.idfwds2025.com\/es\/pre-post-tours\/","title":{"rendered":"Tours pre y post congreso"},"content":{"rendered":"<div id=\"pl-340\"  class=\"panel-layout\" ><div id=\"pg-340-0\"  class=\"panel-grid panel-no-style\" ><div id=\"pgc-340-0-0\"  class=\"panel-grid-cell\" ><div id=\"panel-340-0-0-0\" class=\"so-panel widget widget_sow-headline panel-first-child\" data-index=\"0\" ><div\n\t\t\t\n\t\t\tclass=\"so-widget-sow-headline so-widget-sow-headline-default-ec1eb4cebc48-340\"\n\t\t\t\n\t\t><div class=\"sow-headline-container\">\n\t\t\t\t\t\t\t<h2 class=\"sow-headline\">\n\t\t\t\t\t\tPre &amp; Post Tours\t\t\t\t\t\t<\/h2>\n\t\t\t\t\t\t\t\t\t\t\t<div class=\"decoration\">\n\t\t\t\t\t\t<div class=\"decoration-inside\"><\/div>\n\t\t\t\t\t<\/div>\n\t\t\t\t\t<\/div>\n<\/div><\/div><div id=\"panel-340-0-0-1\" class=\"so-panel widget widget_sow-editor panel-last-child\" data-index=\"1\" ><div\n\t\t\t\n\t\t\tclass=\"so-widget-sow-editor so-widget-sow-editor-base\"\n\t\t\t\n\t\t>\n<div class=\"siteorigin-widget-tinymce textwidget\">\n\t<p style=\"text-align: center;\">Contacte a la Sra. Paola Bustos de la agencia Turismo Costanera, indicando que es un asistente\/visitante del IDF WDS 2025.<br data-start=\"127\" data-end=\"130\" \/>Correo electr\u00f3nico: <a rel=\"noopener\" data-start=\"137\" data-end=\"162\">Paolabustos@tcostanera.cl<\/a><br data-start=\"162\" data-end=\"165\" \/>M\u00f3vil: +56 9 9232 4554<\/p>\n<\/div>\n<\/div><\/div><\/div><\/div><div id=\"pg-340-1\"  class=\"panel-grid panel-no-style\" ><div id=\"pgc-340-1-0\"  class=\"panel-grid-cell\" ><div id=\"panel-340-1-0-0\" class=\"so-panel widget widget_sow-editor panel-first-child panel-last-child\" data-index=\"2\" ><div\n\t\t\t\n\t\t\tclass=\"so-widget-sow-editor so-widget-sow-editor-base\"\n\t\t\t\n\t\t><h3 class=\"widget-title\">NORTE DE CHILE<\/h3>\n<div class=\"siteorigin-widget-tinymce textwidget\">\n\t<p><span data-huuid=\"9071984416030302028\">El norte de Chile es conocido por su clima \u00e1rido, paisajes \u00fanicos y oportunidades para la astronom\u00eda y la miner\u00eda. La regi\u00f3n incluye el Desierto de Atacama, el lugar m\u00e1s seco del mundo.<\/span><\/p>\n<p><strong>Geograf\u00eda<\/strong><br \/>\nEl norte de Chile abarca las regiones de Arica-Parinacota, Tarapac\u00e1, Antofagasta, Atacama y Coquimbo.<br \/>\nEl Desierto de Atacama se extiende desde la frontera con Per\u00fa hasta la Regi\u00f3n de Atacama.<br \/>\nEl Desierto de Atacama est\u00e1 ubicado entre el Oc\u00e9ano Pac\u00edfico y los Andes.<br \/>\nEl norte chico de Chile es una zona menos visitada con valles verdes y clima c\u00e1lido.<\/p>\n<p><strong>Atracciones<\/strong><br \/>\n- Desierto de Atacama: Desiertos de sal, g\u00e9iseres, lagunas, los Valles de la Luna y de la Muerte, el oasis de San Pedro de Atacama.<br \/>\n- G\u00e9iseres del Tatio: Una atracci\u00f3n principal en el norte de Chile.<br \/>\n- Valle de la Luna: Conocido por sus formaciones rocosas \u00fanicas y su paisaje lunar.<br \/>\n- Laguna Chaxa: Una de las principales atracciones del norte de Chile.<br \/>\n- Valle del Arcoiris: Otra atracci\u00f3n importante en el norte de Chile.<\/p>\n<\/div>\n<\/div><\/div><\/div><div id=\"pgc-340-1-1\"  class=\"panel-grid-cell\" ><div id=\"panel-340-1-1-0\" class=\"so-panel widget widget_sow-image panel-first-child panel-last-child\" data-index=\"3\" ><div\n\t\t\t\n\t\t\tclass=\"so-widget-sow-image so-widget-sow-image-default-8b5b6f678277-340\"\n\t\t\t\n\t\t>\n<div class=\"sow-image-container\">\n\t\t<img fetchpriority=\"high\" \n\tsrc=\"https:\/\/www.idfwds2025.com\/wp-content\/uploads\/2025\/03\/Norte-de-Chile.png\" width=\"1000\" height=\"1155\" srcset=\"https:\/\/www.idfwds2025.com\/wp-content\/uploads\/2025\/03\/Norte-de-Chile.png 1000w, https:\/\/www.idfwds2025.com\/wp-content\/uploads\/2025\/03\/Norte-de-Chile-260x300.png 260w, https:\/\/www.idfwds2025.com\/wp-content\/uploads\/2025\/03\/Norte-de-Chile-887x1024.png 887w, https:\/\/www.idfwds2025.com\/wp-content\/uploads\/2025\/03\/Norte-de-Chile-768x887.png 768w\" sizes=\"(max-width: 1000px) 100vw, 1000px\" title=\"Norte de Chile\" alt=\"\" \t\tclass=\"so-widget-image\"\/>\n\t<\/div>\n\n<\/div><\/div><\/div><\/div><div id=\"pg-340-2\"  class=\"panel-grid panel-no-style\" ><div id=\"pgc-340-2-0\"  class=\"panel-grid-cell\" ><div id=\"panel-340-2-0-0\" class=\"so-panel widget widget_siteorigin-panels-builder panel-first-child\" data-index=\"4\" ><div id=\"pl-w67e5f2e417064\"  class=\"panel-layout\" ><div id=\"pg-w67e5f2e417064-0\"  class=\"panel-grid panel-no-style\" ><div id=\"pgc-w67e5f2e417064-0-0\"  class=\"panel-grid-cell\" ><div id=\"panel-w67e5f2e417064-0-0-0\" class=\"so-panel widget widget_sow-slider panel-first-child panel-last-child\" data-index=\"0\" ><div\n\t\t\t\n\t\t\tclass=\"so-widget-sow-slider so-widget-sow-slider-default-6d39609536fd\"\n\t\t\t\n\t\t>\t\t\t\t<div class=\"sow-slider-base\" style=\"display: none\" tabindex=\"0\">\n\t\t\t\t\t<ul\n\t\t\t\t\tclass=\"sow-slider-images\"\n\t\t\t\t\tdata-settings=\"{&quot;pagination&quot;:true,&quot;speed&quot;:400,&quot;timeout&quot;:8000,&quot;paused&quot;:false,&quot;pause_on_hover&quot;:true,&quot;swipe&quot;:true,&quot;nav_always_show_desktop&quot;:&quot;&quot;,&quot;nav_always_show_mobile&quot;:&quot;&quot;,&quot;breakpoint&quot;:&quot;780px&quot;,&quot;unmute&quot;:false,&quot;anchor&quot;:null}\"\n\t\t\t\t\t\t\t\t\t\tdata-anchor-id=\"\"\n\t\t\t\t>\t\t<li class=\"sow-slider-image\" style=\"visibility: visible;\" >\n\t\t\t\t\t\t<img decoding=\"async\" width=\"1080\" height=\"624\" src=\"https:\/\/www.idfwds2025.com\/wp-content\/uploads\/2025\/03\/Valle-Luna.jpeg\" class=\"sow-slider-background-image\" alt=\"\" style=\"\" srcset=\"https:\/\/www.idfwds2025.com\/wp-content\/uploads\/2025\/03\/Valle-Luna.jpeg 1080w, https:\/\/www.idfwds2025.com\/wp-content\/uploads\/2025\/03\/Valle-Luna-300x173.jpeg 300w, https:\/\/www.idfwds2025.com\/wp-content\/uploads\/2025\/03\/Valle-Luna-1024x592.jpeg 1024w, https:\/\/www.idfwds2025.com\/wp-content\/uploads\/2025\/03\/Valle-Luna-768x444.jpeg 768w\" sizes=\"(max-width: 1080px) 100vw, 1080px\" \/>\t\t<\/li>\n\t\t\t\t<li class=\"sow-slider-image\" style=\"visibility: hidden;\" >\n\t\t\t\t\t\t<img decoding=\"async\" width=\"891\" height=\"625\" src=\"https:\/\/www.idfwds2025.com\/wp-content\/uploads\/2025\/03\/Laguna2.jpg\" class=\"sow-slider-background-image\" alt=\"\" style=\"\" srcset=\"https:\/\/www.idfwds2025.com\/wp-content\/uploads\/2025\/03\/Laguna2.jpg 891w, https:\/\/www.idfwds2025.com\/wp-content\/uploads\/2025\/03\/Laguna2-300x210.jpg 300w, https:\/\/www.idfwds2025.com\/wp-content\/uploads\/2025\/03\/Laguna2-768x539.jpg 768w\" sizes=\"(max-width: 891px) 100vw, 891px\" \/>\t\t<\/li>\n\t\t\t\t<li class=\"sow-slider-image\" style=\"visibility: hidden;\" >\n\t\t\t\t\t\t<img loading=\"lazy\" decoding=\"async\" width=\"1920\" height=\"820\" src=\"https:\/\/www.idfwds2025.com\/wp-content\/uploads\/2025\/03\/San-Pedro.jpg\" class=\"sow-slider-background-image\" alt=\"\" style=\"\" srcset=\"https:\/\/www.idfwds2025.com\/wp-content\/uploads\/2025\/03\/San-Pedro.jpg 1920w, https:\/\/www.idfwds2025.com\/wp-content\/uploads\/2025\/03\/San-Pedro-300x128.jpg 300w, https:\/\/www.idfwds2025.com\/wp-content\/uploads\/2025\/03\/San-Pedro-1024x437.jpg 1024w, https:\/\/www.idfwds2025.com\/wp-content\/uploads\/2025\/03\/San-Pedro-768x328.jpg 768w, https:\/\/www.idfwds2025.com\/wp-content\/uploads\/2025\/03\/San-Pedro-1536x656.jpg 1536w\" sizes=\"(max-width: 1920px) 100vw, 1920px\" \/>\t\t<\/li>\n\t\t\t\t<li class=\"sow-slider-image\" style=\"visibility: hidden;\" >\n\t\t\t\t\t\t<img loading=\"lazy\" decoding=\"async\" width=\"1589\" height=\"1113\" src=\"https:\/\/www.idfwds2025.com\/wp-content\/uploads\/2025\/03\/Parinacota_volcano.jpg\" class=\"sow-slider-background-image\" alt=\"\" style=\"\" srcset=\"https:\/\/www.idfwds2025.com\/wp-content\/uploads\/2025\/03\/Parinacota_volcano.jpg 1589w, https:\/\/www.idfwds2025.com\/wp-content\/uploads\/2025\/03\/Parinacota_volcano-300x210.jpg 300w, https:\/\/www.idfwds2025.com\/wp-content\/uploads\/2025\/03\/Parinacota_volcano-1024x717.jpg 1024w, https:\/\/www.idfwds2025.com\/wp-content\/uploads\/2025\/03\/Parinacota_volcano-768x538.jpg 768w, https:\/\/www.idfwds2025.com\/wp-content\/uploads\/2025\/03\/Parinacota_volcano-1536x1076.jpg 1536w\" sizes=\"(max-width: 1589px) 100vw, 1589px\" \/>\t\t<\/li>\n\t\t<\/ul>\t\t\t\t<ol class=\"sow-slider-pagination\">\n\t\t\t\t\t\t\t\t\t\t\t<li><a href=\"#\" data-goto=\"0\" aria-label=\"Mostrar diapositiva 1\"><\/a><\/li>\n\t\t\t\t\t\t\t\t\t\t\t<li><a href=\"#\" data-goto=\"1\" aria-label=\"Mostrar diapositiva 2\"><\/a><\/li>\n\t\t\t\t\t\t\t\t\t\t\t<li><a href=\"#\" data-goto=\"2\" aria-label=\"Mostrar diapositiva 3\"><\/a><\/li>\n\t\t\t\t\t\t\t\t\t\t\t<li><a href=\"#\" data-goto=\"3\" aria-label=\"Mostrar diapositiva 4\"><\/a><\/li>\n\t\t\t\t\t\t\t\t\t<\/ol>\n\n\t\t\t\t<div class=\"sow-slide-nav sow-slide-nav-next\">\n\t\t\t\t\t<a href=\"#\" data-goto=\"next\" aria-label=\"Diapositiva siguiente\" data-action=\"next\">\n\t\t\t\t\t\t<em class=\"sow-sld-icon-thin-right\"><\/em>\n\t\t\t\t\t<\/a>\n\t\t\t\t<\/div>\n\n\t\t\t\t<div class=\"sow-slide-nav sow-slide-nav-prev\">\n\t\t\t\t\t<a href=\"#\" data-goto=\"previous\" aria-label=\"Diapositiva anterior\" data-action=\"prev\">\n\t\t\t\t\t\t<em class=\"sow-sld-icon-thin-left\"><\/em>\n\t\t\t\t\t<\/a>\n\t\t\t\t<\/div>\n\t\t\t\t<\/div><\/div><\/div><\/div><div id=\"pgc-w67e5f2e417064-0-1\"  class=\"panel-grid-cell\" ><div id=\"panel-w67e5f2e417064-0-1-0\" class=\"so-panel widget widget_sow-editor panel-first-child panel-last-child\" data-index=\"1\" ><div\n\t\t\t\n\t\t\tclass=\"so-widget-sow-editor so-widget-sow-editor-base\"\n\t\t\t\n\t\t><h3 class=\"widget-title\">SAN PEDRO DE ATACAMA<\/h3>\n<div class=\"siteorigin-widget-tinymce textwidget\">\n\t<p>Aqu\u00ed les dejo una alternativa para visitar el norte de Chile, San Pedro de Atacama en Calama, a 1635 km de Santiago.<br \/>\nEl programa incluye pasajes a\u00e9reos, alojamiento y excursiones, precios en d\u00f3lares por persona.<\/p>\n<p><strong>PRECIOS POR PERSONA EN HABITACI\u00d3N DOBLE<\/strong><br \/>\n<span style=\"color: #3366ff;\"><a style=\"color: #3366ff;\" href=\"https:\/\/www.noihotels.com\/es\/casa-atacama\">Noi Casa Atacama Hotel 4*<\/a> \u2192 U$ 1,680<\/span><\/p>\n<p><strong>INCLUYE<\/strong><\/p>\n<p>TKT Calama en cabina econ\u00f3mica, traslado de llegada y salida desde el apartamento de Calama en privado, 03 noches de alojamiento con desayuno. Excursi\u00f3n de D\u00eda Completo a las Lagunas Escondidas de Baltinache + Valle de la Luna Sur en privado. Excursi\u00f3n de D\u00eda Completo a los G\u00e9iseres del Tatio + Vegas + Aguas Termales en privado.<\/p>\n<\/div>\n<\/div><\/div><\/div><\/div><\/div><\/div><div id=\"panel-340-2-0-1\" class=\"so-panel widget widget_sow-accordion panel-last-child\" data-index=\"5\" ><div\n\t\t\t\n\t\t\tclass=\"so-widget-sow-accordion so-widget-sow-accordion-default-08b99853d3df-340\"\n\t\t\t data-max-open-panels=\"0\" data-initial-scroll-panel=\"0\"\n\t\t><div>\n\t<div class=\"sow-accordion\">\n\t\t\t<div class=\"sow-accordion-panel\"\n\t\t\tdata-anchor-id=\"day-1-calama-san-pedro-de-atacama\">\n\t\t\t\t<div class=\"sow-accordion-panel-header-container\" role=\"heading\" aria-level=\"2\">\n\t\t\t\t\t<div class=\"sow-accordion-panel-header\" tabindex=\"0\" role=\"button\" id=\"accordion-label-day-1-calama-san-pedro-de-atacama\" aria-controls=\"accordion-content-day-1-calama-san-pedro-de-atacama\" aria-expanded=\"false\">\n\t\t\t\t\t\t<div class=\"sow-accordion-title sow-accordion-title-icon-left\">\n\t\t\t\t\t\t\t\t\t\t\t\t\t\tD\u00cdA 1 CALAMA - SAN PEDRO DE ATACAMA\t\t\t\t\t\t\t\t\t\t\t\t\t<\/div>\n\t\t\t\t\t\t<div class=\"sow-accordion-open-close-button\">\n\t\t\t\t\t\t\t<div class=\"sow-accordion-open-button\">\n\t\t\t\t\t\t\t\t<span class=\"sow-icon-fontawesome sow-fas\" data-sow-icon=\"&#x2b;\"\n\t\t \n\t\taria-hidden=\"true\"><\/span>\t\t\t\t\t\t\t<\/div>\n\t\t\t\t\t\t\t<div class=\"sow-accordion-close-button\">\n\t\t\t\t\t\t\t\t<span class=\"sow-icon-fontawesome sow-fas\" data-sow-icon=\"&#xf068;\"\n\t\t \n\t\taria-hidden=\"true\"><\/span>\t\t\t\t\t\t\t<\/div>\n\t\t\t\t\t\t<\/div>\n\t\t\t\t\t<\/div>\n\t\t\t\t<\/div>\n\n\t\t\t<div\n\t\t\t\tclass=\"sow-accordion-panel-content\"\n\t\t\t\trole=\"region\"\n\t\t\t\taria-labelledby=\"accordion-label-day-1-calama-san-pedro-de-atacama\"\n\t\t\t\tid=\"accordion-content-day-1-calama-san-pedro-de-atacama\"\n\t\t\t\tstyle=\"display: none;\"\t\t\t>\n\t\t\t\t<div class=\"sow-accordion-panel-border\">\n\t\t\t\t\t<p>Llegada al aeropuerto de Calama. Traslado al hotel en San Pedro de Atacama.<\/p>\n\t\t\t\t<\/div>\n\t\t\t<\/div>\n\t\t<\/div>\n\t\t\t<div class=\"sow-accordion-panel\"\n\t\t\tdata-anchor-id=\"day-2-san-pedro-de-atacama-hidden-lagoons-of-baltinache-south-moon-valley\">\n\t\t\t\t<div class=\"sow-accordion-panel-header-container\" role=\"heading\" aria-level=\"2\">\n\t\t\t\t\t<div class=\"sow-accordion-panel-header\" tabindex=\"0\" role=\"button\" id=\"accordion-label-day-2-san-pedro-de-atacama-hidden-lagoons-of-baltinache-south-moon-valley\" aria-controls=\"accordion-content-day-2-san-pedro-de-atacama-hidden-lagoons-of-baltinache-south-moon-valley\" aria-expanded=\"false\">\n\t\t\t\t\t\t<div class=\"sow-accordion-title sow-accordion-title-icon-left\">\n\t\t\t\t\t\t\t\t\t\t\t\t\t\tD\u00cdA 2 SAN PEDRO DE ATACAMA (Lagunas Escondidas de Baltinache + Valle de la Luna Sur)\t\t\t\t\t\t\t\t\t\t\t\t\t<\/div>\n\t\t\t\t\t\t<div class=\"sow-accordion-open-close-button\">\n\t\t\t\t\t\t\t<div class=\"sow-accordion-open-button\">\n\t\t\t\t\t\t\t\t<span class=\"sow-icon-fontawesome sow-fas\" data-sow-icon=\"&#x2b;\"\n\t\t \n\t\taria-hidden=\"true\"><\/span>\t\t\t\t\t\t\t<\/div>\n\t\t\t\t\t\t\t<div class=\"sow-accordion-close-button\">\n\t\t\t\t\t\t\t\t<span class=\"sow-icon-fontawesome sow-fas\" data-sow-icon=\"&#xf068;\"\n\t\t \n\t\taria-hidden=\"true\"><\/span>\t\t\t\t\t\t\t<\/div>\n\t\t\t\t\t\t<\/div>\n\t\t\t\t\t<\/div>\n\t\t\t\t<\/div>\n\n\t\t\t<div\n\t\t\t\tclass=\"sow-accordion-panel-content\"\n\t\t\t\trole=\"region\"\n\t\t\t\taria-labelledby=\"accordion-label-day-2-san-pedro-de-atacama-hidden-lagoons-of-baltinache-south-moon-valley\"\n\t\t\t\tid=\"accordion-content-day-2-san-pedro-de-atacama-hidden-lagoons-of-baltinache-south-moon-valley\"\n\t\t\t\tstyle=\"display: none;\"\t\t\t>\n\t\t\t\t<div class=\"sow-accordion-panel-border\">\n\t\t\t\t\t<p><strong>AM: Lagunas Escondidas de Baltinache (9:30 a.m. a 1:30 p.m.)<\/strong><\/p>\n<p>Este viaje invita a disfrutar de la impresionante belleza de 7 lagunas de intensos colores turquesa y esmeralda, as\u00ed como el refrescante ba\u00f1o pasivo de flotaci\u00f3n que se puede experimentar en 2 de ellas. \u00a1Inolvidable!<\/p>\n<p>Incluye pisco sour\/jugo y snack.<\/p>\n\t\t\t\t<\/div>\n\t\t\t<\/div>\n\t\t<\/div>\n\t\t\t<div class=\"sow-accordion-panel\"\n\t\t\tdata-anchor-id=\"pm-valle-de-la-luna-sur-330-p-m-to-730-p-m\">\n\t\t\t\t<div class=\"sow-accordion-panel-header-container\" role=\"heading\" aria-level=\"2\">\n\t\t\t\t\t<div class=\"sow-accordion-panel-header\" tabindex=\"0\" role=\"button\" id=\"accordion-label-pm-valle-de-la-luna-sur-330-p-m-to-730-p-m\" aria-controls=\"accordion-content-pm-valle-de-la-luna-sur-330-p-m-to-730-p-m\" aria-expanded=\"false\">\n\t\t\t\t\t\t<div class=\"sow-accordion-title sow-accordion-title-icon-left\">\n\t\t\t\t\t\t\t\t\t\t\t\t\t\tPM: VALLE DE LA LUNA SUR (3:30 p.m. a 7:30 p.m.)\t\t\t\t\t\t\t\t\t\t\t\t\t<\/div>\n\t\t\t\t\t\t<div class=\"sow-accordion-open-close-button\">\n\t\t\t\t\t\t\t<div class=\"sow-accordion-open-button\">\n\t\t\t\t\t\t\t\t<span class=\"sow-icon-fontawesome sow-fas\" data-sow-icon=\"&#x2b;\"\n\t\t \n\t\taria-hidden=\"true\"><\/span>\t\t\t\t\t\t\t<\/div>\n\t\t\t\t\t\t\t<div class=\"sow-accordion-close-button\">\n\t\t\t\t\t\t\t\t<span class=\"sow-icon-fontawesome sow-fas\" data-sow-icon=\"&#xf068;\"\n\t\t \n\t\taria-hidden=\"true\"><\/span>\t\t\t\t\t\t\t<\/div>\n\t\t\t\t\t\t<\/div>\n\t\t\t\t\t<\/div>\n\t\t\t\t<\/div>\n\n\t\t\t<div\n\t\t\t\tclass=\"sow-accordion-panel-content\"\n\t\t\t\trole=\"region\"\n\t\t\t\taria-labelledby=\"accordion-label-pm-valle-de-la-luna-sur-330-p-m-to-730-p-m\"\n\t\t\t\tid=\"accordion-content-pm-valle-de-la-luna-sur-330-p-m-to-730-p-m\"\n\t\t\t\tstyle=\"display: none;\"\t\t\t>\n\t\t\t\t<div class=\"sow-accordion-panel-border\">\n\t\t\t\t\t<p>Nos dirigiremos a la Cordillera de la Sal hasta llegar al Vallecito (entrada fuera de circuito al Valle de la Luna) donde podremos ver el fascinante R\u00edo de Sal, disfrutar de otra vista panor\u00e1mica desde los cornices del \u00e1rea, caminar entre viejos t\u00faneles de minas de sal y terminar en un autob\u00fas abandonado (\"autob\u00fas m\u00e1gico\") en medio de la cordillera, revelando el pasado minero del \u00e1rea.<\/p>\n<p>Incluye snack.<\/p>\n<p>En este momento no hay tarifa de entrada a los parques, pero es posible que para el momento del viaje haya una tarifa de entrada.<\/p>\n\t\t\t\t<\/div>\n\t\t\t<\/div>\n\t\t<\/div>\n\t\t\t<div class=\"sow-accordion-panel\"\n\t\t\tdata-anchor-id=\"day-3-san-pedro-de-atacama-tatio-geysers-vegas-hot-springs-700-a-m-to-400-p-m\">\n\t\t\t\t<div class=\"sow-accordion-panel-header-container\" role=\"heading\" aria-level=\"2\">\n\t\t\t\t\t<div class=\"sow-accordion-panel-header\" tabindex=\"0\" role=\"button\" id=\"accordion-label-day-3-san-pedro-de-atacama-tatio-geysers-vegas-hot-springs-700-a-m-to-400-p-m\" aria-controls=\"accordion-content-day-3-san-pedro-de-atacama-tatio-geysers-vegas-hot-springs-700-a-m-to-400-p-m\" aria-expanded=\"false\">\n\t\t\t\t\t\t<div class=\"sow-accordion-title sow-accordion-title-icon-left\">\n\t\t\t\t\t\t\t\t\t\t\t\t\t\tD\u00cdA 3 SAN PEDRO DE ATACAMA (G\u00e9iseres del Tatio + Vegas + Aguas Termales)\n(7:00 a.m. a 4:00 p.m.)\t\t\t\t\t\t\t\t\t\t\t\t\t<\/div>\n\t\t\t\t\t\t<div class=\"sow-accordion-open-close-button\">\n\t\t\t\t\t\t\t<div class=\"sow-accordion-open-button\">\n\t\t\t\t\t\t\t\t<span class=\"sow-icon-fontawesome sow-fas\" data-sow-icon=\"&#x2b;\"\n\t\t \n\t\taria-hidden=\"true\"><\/span>\t\t\t\t\t\t\t<\/div>\n\t\t\t\t\t\t\t<div class=\"sow-accordion-close-button\">\n\t\t\t\t\t\t\t\t<span class=\"sow-icon-fontawesome sow-fas\" data-sow-icon=\"&#xf068;\"\n\t\t \n\t\taria-hidden=\"true\"><\/span>\t\t\t\t\t\t\t<\/div>\n\t\t\t\t\t\t<\/div>\n\t\t\t\t\t<\/div>\n\t\t\t\t<\/div>\n\n\t\t\t<div\n\t\t\t\tclass=\"sow-accordion-panel-content\"\n\t\t\t\trole=\"region\"\n\t\t\t\taria-labelledby=\"accordion-label-day-3-san-pedro-de-atacama-tatio-geysers-vegas-hot-springs-700-a-m-to-400-p-m\"\n\t\t\t\tid=\"accordion-content-day-3-san-pedro-de-atacama-tatio-geysers-vegas-hot-springs-700-a-m-to-400-p-m\"\n\t\t\t\tstyle=\"display: none;\"\t\t\t>\n\t\t\t\t<div class=\"sow-accordion-panel-border\">\n\t\t\t\t\t<p>En este viaje comenzamos visitando el campo geot\u00e9rmico de El Tatio, las Vegas de Putana y Machuca, para terminar disfrutando de un ba\u00f1o en aguas termales naturales, un lugar donde recuperaremos energ\u00edas en medio de la cordillera.<\/p>\n<p>Incluye desayuno y almuerzo en un h\u00e1bitat natural.<\/p>\n<p>Tarifas de entrada al parque CLP 15,000 (los boletos deben ser comprados con antelaci\u00f3n).<\/p>\n\t\t\t\t<\/div>\n\t\t\t<\/div>\n\t\t<\/div>\n\t\t\t<div class=\"sow-accordion-panel\"\n\t\t\tdata-anchor-id=\"day-4-san-pedro-de-atacama-calama\">\n\t\t\t\t<div class=\"sow-accordion-panel-header-container\" role=\"heading\" aria-level=\"2\">\n\t\t\t\t\t<div class=\"sow-accordion-panel-header\" tabindex=\"0\" role=\"button\" id=\"accordion-label-day-4-san-pedro-de-atacama-calama\" aria-controls=\"accordion-content-day-4-san-pedro-de-atacama-calama\" aria-expanded=\"false\">\n\t\t\t\t\t\t<div class=\"sow-accordion-title sow-accordion-title-icon-left\">\n\t\t\t\t\t\t\t\t\t\t\t\t\t\tD\u00cdA 4 SAN PEDRO DE ATACAMA - CALAMA\t\t\t\t\t\t\t\t\t\t\t\t\t<\/div>\n\t\t\t\t\t\t<div class=\"sow-accordion-open-close-button\">\n\t\t\t\t\t\t\t<div class=\"sow-accordion-open-button\">\n\t\t\t\t\t\t\t\t<span class=\"sow-icon-fontawesome sow-fas\" data-sow-icon=\"&#x2b;\"\n\t\t \n\t\taria-hidden=\"true\"><\/span>\t\t\t\t\t\t\t<\/div>\n\t\t\t\t\t\t\t<div class=\"sow-accordion-close-button\">\n\t\t\t\t\t\t\t\t<span class=\"sow-icon-fontawesome sow-fas\" data-sow-icon=\"&#xf068;\"\n\t\t \n\t\taria-hidden=\"true\"><\/span>\t\t\t\t\t\t\t<\/div>\n\t\t\t\t\t\t<\/div>\n\t\t\t\t\t<\/div>\n\t\t\t\t<\/div>\n\n\t\t\t<div\n\t\t\t\tclass=\"sow-accordion-panel-content\"\n\t\t\t\trole=\"region\"\n\t\t\t\taria-labelledby=\"accordion-label-day-4-san-pedro-de-atacama-calama\"\n\t\t\t\tid=\"accordion-content-day-4-san-pedro-de-atacama-calama\"\n\t\t\t\tstyle=\"display: none;\"\t\t\t>\n\t\t\t\t<div class=\"sow-accordion-panel-border\">\n\t\t\t\t\t<p>Desayuno. A la hora programada. Traslado desde el hotel en San Pedro al aeropuerto de Calama.<\/p>\n\t\t\t\t<\/div>\n\t\t\t<\/div>\n\t\t<\/div>\n\t\t<\/div>\n<\/div>\n<\/div><\/div><\/div><\/div><div id=\"pg-340-3\"  class=\"panel-grid panel-no-style\" ><div id=\"pgc-340-3-0\"  class=\"panel-grid-cell\" ><div id=\"panel-340-3-0-0\" class=\"so-panel widget widget_sow-editor panel-first-child panel-last-child\" data-index=\"6\" ><div\n\t\t\t\n\t\t\tclass=\"so-widget-sow-editor so-widget-sow-editor-base\"\n\t\t\t\n\t\t>\n<div class=\"siteorigin-widget-tinymce textwidget\">\n\t<hr \/>\n<p>&nbsp;<\/p>\n<\/div>\n<\/div><\/div><\/div><\/div><div id=\"pg-340-4\"  class=\"panel-grid panel-no-style\" ><div id=\"pgc-340-4-0\"  class=\"panel-grid-cell\" ><div id=\"panel-340-4-0-0\" class=\"so-panel widget widget_sow-editor panel-first-child panel-last-child\" data-index=\"7\" ><div\n\t\t\t\n\t\t\tclass=\"so-widget-sow-editor so-widget-sow-editor-base\"\n\t\t\t\n\t\t><h3 class=\"widget-title\">CENTRO DE CHILE<\/h3>\n<div class=\"siteorigin-widget-tinymce textwidget\">\n\t<p><span data-huuid=\"9071984416030302028\">Una regi\u00f3n llena de encanto y contrastes. El centro de Chile ofrece a los visitantes una mezcla \u00fanica de modernidad y tradici\u00f3n. Se extiende desde la regi\u00f3n de Valpara\u00edso en el norte hasta la regi\u00f3n del B\u00edo B\u00edo en el sur, y sus paisajes var\u00edan desde exuberantes vi\u00f1edos y valles agr\u00edcolas hasta pueblos hist\u00f3ricos y metr\u00f3polis vibrantes.<\/span><\/p>\n<p><strong>Destinos clave<\/strong><\/p>\n<\/div>\n<\/div><\/div><\/div><div id=\"pgc-340-4-1\"  class=\"panel-grid-cell\" ><div id=\"panel-340-4-1-0\" class=\"so-panel widget widget_sow-image panel-first-child panel-last-child\" data-index=\"8\" ><div\n\t\t\t\n\t\t\tclass=\"so-widget-sow-image so-widget-sow-image-default-8b5b6f678277-340\"\n\t\t\t\n\t\t>\n<div class=\"sow-image-container\">\n\t\t<img loading=\"lazy\" \n\tsrc=\"https:\/\/www.idfwds2025.com\/wp-content\/uploads\/2025\/03\/Centro-Chile.png\" width=\"1000\" height=\"433\" srcset=\"https:\/\/www.idfwds2025.com\/wp-content\/uploads\/2025\/03\/Centro-Chile.png 1000w, https:\/\/www.idfwds2025.com\/wp-content\/uploads\/2025\/03\/Centro-Chile-300x130.png 300w, https:\/\/www.idfwds2025.com\/wp-content\/uploads\/2025\/03\/Centro-Chile-768x333.png 768w\" sizes=\"(max-width: 1000px) 100vw, 1000px\" title=\"Centro Chile\" alt=\"\" \t\tclass=\"so-widget-image\"\/>\n\t<\/div>\n\n<\/div><\/div><\/div><\/div><div id=\"pg-340-5\"  class=\"panel-grid panel-no-style\" ><div id=\"pgc-340-5-0\"  class=\"panel-grid-cell\" ><div id=\"panel-340-5-0-0\" class=\"so-panel widget widget_sow-editor panel-first-child panel-last-child\" data-index=\"9\" ><div\n\t\t\t\n\t\t\tclass=\"so-widget-sow-editor so-widget-sow-editor-base\"\n\t\t\t\n\t\t>\n<div class=\"siteorigin-widget-tinymce textwidget\">\n\t<p>- <strong>Valpara\u00edso<\/strong> \u2013 Ciudad Patrimonio de la Humanidad por la UNESCO, Valpara\u00edso es famosa por sus coloridas casas en los cerros, su vibrante arte callejero y sus hist\u00f3ricos funiculares. El ambiente bohemio de la ciudad y sus vistas costeras la convierten en un destino imperdible.<br \/>\n- <strong>Vi\u00f1a del Mar<\/strong> \u2013 Conocida como la \"Ciudad Jard\u00edn\", Vi\u00f1a del Mar es un popular resort de playa con arenas doradas, hermosos jardines y una animada escena de entretenimiento.<br \/>\n- <strong>Valle de Casablanca<\/strong> \u2013 Esta regi\u00f3n vin\u00edcola de renombre mundial es famosa por producir vinos excepcionales, especialmente Sauvignon Blanc y Chardonnay. Las visitas y catas de vino son un gran atractivo.<br \/>\n- <strong>Rancagua y la Regi\u00f3n de O'Higgins<\/strong> \u2013 Puerta de entrada al campo chileno, esta \u00e1rea es conocida por sus rodeos, festivales tradicionales y el hermoso Valle de Cachapoal.<br \/>\n- <strong>Los Andes<\/strong> \u2013 El centro de Chile ofrece f\u00e1cil acceso a esqu\u00ed y snowboard en los meses de invierno, con populares estaciones de esqu\u00ed como Portillo, La Parva y Valle Nevado.<br \/>\n- <strong>Pichilemu<\/strong> \u2013 Un para\u00edso para los surfistas, especialmente conocido por sus legendarias olas en Punta de Lobos, que atraen a surfistas de todo el mundo.<\/p>\n<\/div>\n<\/div><\/div><\/div><\/div><div id=\"pg-340-6\"  class=\"panel-grid panel-no-style\" ><div id=\"pgc-340-6-0\"  class=\"panel-grid-cell\" ><div id=\"panel-340-6-0-0\" class=\"so-panel widget widget_siteorigin-panels-builder panel-first-child panel-last-child\" data-index=\"10\" ><div id=\"pl-w67e5f2e418cb2\"  class=\"panel-layout\" ><div id=\"pg-w67e5f2e418cb2-0\"  class=\"panel-grid panel-no-style\" ><div id=\"pgc-w67e5f2e418cb2-0-0\"  class=\"panel-grid-cell\" ><div id=\"panel-w67e5f2e418cb2-0-0-0\" class=\"so-panel widget widget_sow-slider panel-first-child panel-last-child\" data-index=\"0\" ><div\n\t\t\t\n\t\t\tclass=\"so-widget-sow-slider so-widget-sow-slider-default-6d39609536fd\"\n\t\t\t\n\t\t>\t\t\t\t<div class=\"sow-slider-base\" style=\"display: none\" tabindex=\"0\">\n\t\t\t\t\t<ul\n\t\t\t\t\tclass=\"sow-slider-images\"\n\t\t\t\t\tdata-settings=\"{&quot;pagination&quot;:true,&quot;speed&quot;:400,&quot;timeout&quot;:8000,&quot;paused&quot;:false,&quot;pause_on_hover&quot;:true,&quot;swipe&quot;:true,&quot;nav_always_show_desktop&quot;:&quot;&quot;,&quot;nav_always_show_mobile&quot;:&quot;&quot;,&quot;breakpoint&quot;:&quot;780px&quot;,&quot;unmute&quot;:false,&quot;anchor&quot;:null}\"\n\t\t\t\t\t\t\t\t\t\tdata-anchor-id=\"\"\n\t\t\t\t>\t\t<li class=\"sow-slider-image\" style=\"visibility: visible;\" >\n\t\t\t\t\t\t<img loading=\"lazy\" decoding=\"async\" width=\"1366\" height=\"768\" src=\"https:\/\/www.idfwds2025.com\/wp-content\/uploads\/2025\/03\/VM2.jpg\" class=\"sow-slider-background-image\" alt=\"\" style=\"\" srcset=\"https:\/\/www.idfwds2025.com\/wp-content\/uploads\/2025\/03\/VM2.jpg 1366w, https:\/\/www.idfwds2025.com\/wp-content\/uploads\/2025\/03\/VM2-300x169.jpg 300w, https:\/\/www.idfwds2025.com\/wp-content\/uploads\/2025\/03\/VM2-1024x576.jpg 1024w, https:\/\/www.idfwds2025.com\/wp-content\/uploads\/2025\/03\/VM2-768x432.jpg 768w\" sizes=\"(max-width: 1366px) 100vw, 1366px\" \/>\t\t<\/li>\n\t\t\t\t<li class=\"sow-slider-image\" style=\"visibility: hidden;\" >\n\t\t\t\t\t\t<img loading=\"lazy\" decoding=\"async\" width=\"870\" height=\"500\" src=\"https:\/\/www.idfwds2025.com\/wp-content\/uploads\/2025\/03\/VM5.jpg\" class=\"sow-slider-background-image\" alt=\"\" style=\"\" srcset=\"https:\/\/www.idfwds2025.com\/wp-content\/uploads\/2025\/03\/VM5.jpg 870w, https:\/\/www.idfwds2025.com\/wp-content\/uploads\/2025\/03\/VM5-300x172.jpg 300w, https:\/\/www.idfwds2025.com\/wp-content\/uploads\/2025\/03\/VM5-768x441.jpg 768w\" sizes=\"(max-width: 870px) 100vw, 870px\" \/>\t\t<\/li>\n\t\t\t\t<li class=\"sow-slider-image\" style=\"visibility: hidden;\" >\n\t\t\t\t\t\t<img loading=\"lazy\" decoding=\"async\" width=\"2560\" height=\"1920\" src=\"https:\/\/www.idfwds2025.com\/wp-content\/uploads\/2025\/03\/VM4.jpg\" class=\"sow-slider-background-image\" alt=\"\" style=\"\" srcset=\"https:\/\/www.idfwds2025.com\/wp-content\/uploads\/2025\/03\/VM4.jpg 2560w, https:\/\/www.idfwds2025.com\/wp-content\/uploads\/2025\/03\/VM4-300x225.jpg 300w, https:\/\/www.idfwds2025.com\/wp-content\/uploads\/2025\/03\/VM4-1024x768.jpg 1024w, https:\/\/www.idfwds2025.com\/wp-content\/uploads\/2025\/03\/VM4-768x576.jpg 768w, https:\/\/www.idfwds2025.com\/wp-content\/uploads\/2025\/03\/VM4-1536x1152.jpg 1536w, https:\/\/www.idfwds2025.com\/wp-content\/uploads\/2025\/03\/VM4-2048x1536.jpg 2048w\" sizes=\"(max-width: 2560px) 100vw, 2560px\" \/>\t\t<\/li>\n\t\t\t\t<li class=\"sow-slider-image\" style=\"visibility: hidden;\" >\n\t\t\t\t\t\t<img loading=\"lazy\" decoding=\"async\" width=\"1500\" height=\"1000\" src=\"https:\/\/www.idfwds2025.com\/wp-content\/uploads\/2025\/03\/VM3.jpg\" class=\"sow-slider-background-image\" alt=\"\" style=\"\" srcset=\"https:\/\/www.idfwds2025.com\/wp-content\/uploads\/2025\/03\/VM3.jpg 1500w, https:\/\/www.idfwds2025.com\/wp-content\/uploads\/2025\/03\/VM3-300x200.jpg 300w, https:\/\/www.idfwds2025.com\/wp-content\/uploads\/2025\/03\/VM3-1024x683.jpg 1024w, https:\/\/www.idfwds2025.com\/wp-content\/uploads\/2025\/03\/VM3-768x512.jpg 768w, https:\/\/www.idfwds2025.com\/wp-content\/uploads\/2025\/03\/VM3-263x174.jpg 263w, https:\/\/www.idfwds2025.com\/wp-content\/uploads\/2025\/03\/VM3-272x182.jpg 272w, https:\/\/www.idfwds2025.com\/wp-content\/uploads\/2025\/03\/VM3-360x240.jpg 360w, https:\/\/www.idfwds2025.com\/wp-content\/uploads\/2025\/03\/VM3-720x480.jpg 720w\" sizes=\"(max-width: 1500px) 100vw, 1500px\" \/>\t\t<\/li>\n\t\t\t\t<li class=\"sow-slider-image\" style=\"visibility: hidden;\" >\n\t\t\t\t\t\t<img loading=\"lazy\" decoding=\"async\" width=\"800\" height=\"422\" src=\"https:\/\/www.idfwds2025.com\/wp-content\/uploads\/2025\/03\/Valparaiso.jpg\" class=\"sow-slider-background-image\" alt=\"\" style=\"\" srcset=\"https:\/\/www.idfwds2025.com\/wp-content\/uploads\/2025\/03\/Valparaiso.jpg 800w, https:\/\/www.idfwds2025.com\/wp-content\/uploads\/2025\/03\/Valparaiso-300x158.jpg 300w, https:\/\/www.idfwds2025.com\/wp-content\/uploads\/2025\/03\/Valparaiso-768x405.jpg 768w\" sizes=\"(max-width: 800px) 100vw, 800px\" \/>\t\t<\/li>\n\t\t<\/ul>\t\t\t\t<ol class=\"sow-slider-pagination\">\n\t\t\t\t\t\t\t\t\t\t\t<li><a href=\"#\" data-goto=\"0\" aria-label=\"Mostrar diapositiva 1\"><\/a><\/li>\n\t\t\t\t\t\t\t\t\t\t\t<li><a href=\"#\" data-goto=\"1\" aria-label=\"Mostrar diapositiva 2\"><\/a><\/li>\n\t\t\t\t\t\t\t\t\t\t\t<li><a href=\"#\" data-goto=\"2\" aria-label=\"Mostrar diapositiva 3\"><\/a><\/li>\n\t\t\t\t\t\t\t\t\t\t\t<li><a href=\"#\" data-goto=\"3\" aria-label=\"Mostrar diapositiva 4\"><\/a><\/li>\n\t\t\t\t\t\t\t\t\t\t\t<li><a href=\"#\" data-goto=\"4\" aria-label=\"Mostrar diapositiva 5\"><\/a><\/li>\n\t\t\t\t\t\t\t\t\t<\/ol>\n\n\t\t\t\t<div class=\"sow-slide-nav sow-slide-nav-next\">\n\t\t\t\t\t<a href=\"#\" data-goto=\"next\" aria-label=\"Diapositiva siguiente\" data-action=\"next\">\n\t\t\t\t\t\t<em class=\"sow-sld-icon-thin-right\"><\/em>\n\t\t\t\t\t<\/a>\n\t\t\t\t<\/div>\n\n\t\t\t\t<div class=\"sow-slide-nav sow-slide-nav-prev\">\n\t\t\t\t\t<a href=\"#\" data-goto=\"previous\" aria-label=\"Diapositiva anterior\" data-action=\"prev\">\n\t\t\t\t\t\t<em class=\"sow-sld-icon-thin-left\"><\/em>\n\t\t\t\t\t<\/a>\n\t\t\t\t<\/div>\n\t\t\t\t<\/div><\/div><\/div><\/div><div id=\"pgc-w67e5f2e418cb2-0-1\"  class=\"panel-grid-cell\" ><div id=\"panel-w67e5f2e418cb2-0-1-0\" class=\"so-panel widget widget_sow-editor panel-first-child panel-last-child\" data-index=\"1\" ><div\n\t\t\t\n\t\t\tclass=\"so-widget-sow-editor so-widget-sow-editor-base\"\n\t\t\t\n\t\t><h3 class=\"widget-title\">D\u00cdA COMPLETO VI\u00d1A DEL MAR<\/h3>\n<div class=\"siteorigin-widget-tinymce textwidget\">\n\t<p>Esta es una visita de un d\u00eda a Vi\u00f1a del Mar.<br \/>\nTour por la ciudad de todo el d\u00eda en Vi\u00f1a del Mar y Valpara\u00edso.<\/p>\n<p><strong>PRECIOS POR PERSONA BASADO EN 2 PERSONAS<\/strong><br \/>\n<span style=\"color: #3366ff;\">\u2192 U$ 220<\/span><\/p>\n<p><strong>INCLUYE<\/strong><br \/>\nServicio privado. Salida desde su hotel en Santiago. Despu\u00e9s de un recorrido de 120 km a lo largo de la costa del Oc\u00e9ano Pac\u00edfico, llegaremos a la ciudad portuaria de Valpara\u00edso, declarada Patrimonio de la Humanidad por la UNESCO en 2003 debido a su arquitectura inusual, su variedad de calles estrechas, pasajes coloridos y escaleras que ascienden hasta lo alto de los cerros. Visitaremos sus principales atractivos, como la Plaza Sotomayor, el Monumento a los H\u00e9roes Navales, y el Paseo 21 de Mayo, y subiremos en los ascensores para sumergirnos en los cerros de la ciudad. Luego, visitaremos la ciudad de Vi\u00f1a del Mar, conocida como \"La Ciudad Jard\u00edn\", donde podr\u00e1 disfrutar de sus sitios m\u00e1s emblem\u00e1ticos, como sus hermosas playas, jardines y paseos peatonales. Haremos una parada para el almuerzo (almuerzo no incluido), y luego nos relajaremos mientras contemplamos el oc\u00e9ano antes de regresar a Santiago. Servicio privado, conductor + gu\u00eda en espa\u00f1ol.<\/p>\n<p>.<\/p>\n<\/div>\n<\/div><\/div><\/div><\/div><\/div><\/div><\/div><\/div><div id=\"pg-340-7\"  class=\"panel-grid panel-no-style\" ><div id=\"pgc-340-7-0\"  class=\"panel-grid-cell\" ><div id=\"panel-340-7-0-0\" class=\"so-panel widget widget_siteorigin-panels-builder panel-first-child\" data-index=\"11\" ><div id=\"pl-w67e5f2e4196ae\"  class=\"panel-layout\" ><div id=\"pg-w67e5f2e4196ae-0\"  class=\"panel-grid panel-no-style\" ><div id=\"pgc-w67e5f2e4196ae-0-0\"  class=\"panel-grid-cell\" ><div id=\"panel-w67e5f2e4196ae-0-0-0\" class=\"so-panel widget widget_sow-slider panel-first-child panel-last-child\" data-index=\"0\" ><div\n\t\t\t\n\t\t\tclass=\"so-widget-sow-slider so-widget-sow-slider-default-6d39609536fd\"\n\t\t\t\n\t\t>\t\t\t\t<div class=\"sow-slider-base\" style=\"display: none\" tabindex=\"0\">\n\t\t\t\t\t<ul\n\t\t\t\t\tclass=\"sow-slider-images\"\n\t\t\t\t\tdata-settings=\"{&quot;pagination&quot;:true,&quot;speed&quot;:400,&quot;timeout&quot;:8000,&quot;paused&quot;:false,&quot;pause_on_hover&quot;:true,&quot;swipe&quot;:true,&quot;nav_always_show_desktop&quot;:&quot;&quot;,&quot;nav_always_show_mobile&quot;:&quot;&quot;,&quot;breakpoint&quot;:&quot;780px&quot;,&quot;unmute&quot;:false,&quot;anchor&quot;:null}\"\n\t\t\t\t\t\t\t\t\t\tdata-anchor-id=\"\"\n\t\t\t\t>\t\t<li class=\"sow-slider-image\" style=\"visibility: visible;\" >\n\t\t\t\t\t\t<img loading=\"lazy\" decoding=\"async\" width=\"836\" height=\"773\" src=\"https:\/\/www.idfwds2025.com\/wp-content\/uploads\/2025\/03\/Galeria-parque-04.jpg\" class=\"sow-slider-background-image\" alt=\"\" style=\"\" srcset=\"https:\/\/www.idfwds2025.com\/wp-content\/uploads\/2025\/03\/Galeria-parque-04.jpg 836w, https:\/\/www.idfwds2025.com\/wp-content\/uploads\/2025\/03\/Galeria-parque-04-300x277.jpg 300w, https:\/\/www.idfwds2025.com\/wp-content\/uploads\/2025\/03\/Galeria-parque-04-768x710.jpg 768w\" sizes=\"(max-width: 836px) 100vw, 836px\" \/>\t\t<\/li>\n\t\t\t\t<li class=\"sow-slider-image\" style=\"visibility: hidden;\" >\n\t\t\t\t\t\t<img loading=\"lazy\" decoding=\"async\" width=\"836\" height=\"773\" src=\"https:\/\/www.idfwds2025.com\/wp-content\/uploads\/2025\/03\/Habitacion_hotel.jpg\" class=\"sow-slider-background-image\" alt=\"\" style=\"\" srcset=\"https:\/\/www.idfwds2025.com\/wp-content\/uploads\/2025\/03\/Habitacion_hotel.jpg 836w, https:\/\/www.idfwds2025.com\/wp-content\/uploads\/2025\/03\/Habitacion_hotel-300x277.jpg 300w, https:\/\/www.idfwds2025.com\/wp-content\/uploads\/2025\/03\/Habitacion_hotel-768x710.jpg 768w\" sizes=\"(max-width: 836px) 100vw, 836px\" \/>\t\t<\/li>\n\t\t\t\t<li class=\"sow-slider-image\" style=\"visibility: hidden;\" >\n\t\t\t\t\t\t<img loading=\"lazy\" decoding=\"async\" width=\"957\" height=\"893\" src=\"https:\/\/www.idfwds2025.com\/wp-content\/uploads\/2025\/03\/patio-interior-baja.jpg\" class=\"sow-slider-background-image\" alt=\"\" style=\"\" srcset=\"https:\/\/www.idfwds2025.com\/wp-content\/uploads\/2025\/03\/patio-interior-baja.jpg 957w, https:\/\/www.idfwds2025.com\/wp-content\/uploads\/2025\/03\/patio-interior-baja-300x280.jpg 300w, https:\/\/www.idfwds2025.com\/wp-content\/uploads\/2025\/03\/patio-interior-baja-768x717.jpg 768w\" sizes=\"(max-width: 957px) 100vw, 957px\" \/>\t\t<\/li>\n\t\t\t\t<li class=\"sow-slider-image\" style=\"visibility: hidden;\" >\n\t\t\t\t\t\t<img loading=\"lazy\" decoding=\"async\" width=\"836\" height=\"773\" src=\"https:\/\/www.idfwds2025.com\/wp-content\/uploads\/2025\/03\/piscina.jpg\" class=\"sow-slider-background-image\" alt=\"\" style=\"\" srcset=\"https:\/\/www.idfwds2025.com\/wp-content\/uploads\/2025\/03\/piscina.jpg 836w, https:\/\/www.idfwds2025.com\/wp-content\/uploads\/2025\/03\/piscina-300x277.jpg 300w, https:\/\/www.idfwds2025.com\/wp-content\/uploads\/2025\/03\/piscina-768x710.jpg 768w\" sizes=\"(max-width: 836px) 100vw, 836px\" \/>\t\t<\/li>\n\t\t<\/ul>\t\t\t\t<ol class=\"sow-slider-pagination\">\n\t\t\t\t\t\t\t\t\t\t\t<li><a href=\"#\" data-goto=\"0\" aria-label=\"Mostrar diapositiva 1\"><\/a><\/li>\n\t\t\t\t\t\t\t\t\t\t\t<li><a href=\"#\" data-goto=\"1\" aria-label=\"Mostrar diapositiva 2\"><\/a><\/li>\n\t\t\t\t\t\t\t\t\t\t\t<li><a href=\"#\" data-goto=\"2\" aria-label=\"Mostrar diapositiva 3\"><\/a><\/li>\n\t\t\t\t\t\t\t\t\t\t\t<li><a href=\"#\" data-goto=\"3\" aria-label=\"Mostrar diapositiva 4\"><\/a><\/li>\n\t\t\t\t\t\t\t\t\t<\/ol>\n\n\t\t\t\t<div class=\"sow-slide-nav sow-slide-nav-next\">\n\t\t\t\t\t<a href=\"#\" data-goto=\"next\" aria-label=\"Diapositiva siguiente\" data-action=\"next\">\n\t\t\t\t\t\t<em class=\"sow-sld-icon-thin-right\"><\/em>\n\t\t\t\t\t<\/a>\n\t\t\t\t<\/div>\n\n\t\t\t\t<div class=\"sow-slide-nav sow-slide-nav-prev\">\n\t\t\t\t\t<a href=\"#\" data-goto=\"previous\" aria-label=\"Diapositiva anterior\" data-action=\"prev\">\n\t\t\t\t\t\t<em class=\"sow-sld-icon-thin-left\"><\/em>\n\t\t\t\t\t<\/a>\n\t\t\t\t<\/div>\n\t\t\t\t<\/div><\/div><\/div><\/div><div id=\"pgc-w67e5f2e4196ae-0-1\"  class=\"panel-grid-cell\" ><div id=\"panel-w67e5f2e4196ae-0-1-0\" class=\"so-panel widget widget_sow-editor panel-first-child panel-last-child\" data-index=\"1\" ><div\n\t\t\t\n\t\t\tclass=\"so-widget-sow-editor so-widget-sow-editor-base\"\n\t\t\t\n\t\t><h3 class=\"widget-title\">HOTEL CASA REAL VI\u00d1A SANTA RITA<\/h3>\n<div class=\"siteorigin-widget-tinymce textwidget\">\n\t<p>Una alternativa cercana a Santiago, a menos de una hora de distancia, es <a href=\"https:\/\/www.santarita.com\/en\/visit-us\/\">Vi\u00f1a Santa Rita<\/a>.<\/p>\n<p>Ubicada en las estribaciones de Alto Jahuel, en Buin, el vi\u00f1edo est\u00e1 rodeado de un entorno natural \u00fanico, donde la tradici\u00f3n vin\u00edcola, la historia, la cultura y la gastronom\u00eda chilena coexisten.<\/p>\n<\/div>\n<\/div><\/div><\/div><\/div><\/div><\/div><div id=\"panel-340-7-0-1\" class=\"so-panel widget widget_sow-accordion panel-last-child\" data-index=\"12\" ><div\n\t\t\t\n\t\t\tclass=\"so-widget-sow-accordion so-widget-sow-accordion-default-08b99853d3df-340\"\n\t\t\t data-max-open-panels=\"0\" data-initial-scroll-panel=\"0\"\n\t\t><div>\n\t<div class=\"sow-accordion\">\n\t\t\t<div class=\"sow-accordion-panel\"\n\t\t\tdata-anchor-id=\"bed-breakfast-program\">\n\t\t\t\t<div class=\"sow-accordion-panel-header-container\" role=\"heading\" aria-level=\"2\">\n\t\t\t\t\t<div class=\"sow-accordion-panel-header\" tabindex=\"0\" role=\"button\" id=\"accordion-label-bed-breakfast-program\" aria-controls=\"accordion-content-bed-breakfast-program\" aria-expanded=\"false\">\n\t\t\t\t\t\t<div class=\"sow-accordion-title sow-accordion-title-icon-left\">\n\t\t\t\t\t\t\t\t\t\t\t\t\t\tPROGRAMA DE ALOJAMIENTO CON DESAYUNO\t\t\t\t\t\t\t\t\t\t\t\t\t<\/div>\n\t\t\t\t\t\t<div class=\"sow-accordion-open-close-button\">\n\t\t\t\t\t\t\t<div class=\"sow-accordion-open-button\">\n\t\t\t\t\t\t\t\t<span class=\"sow-icon-fontawesome sow-fas\" data-sow-icon=\"&#x2b;\"\n\t\t \n\t\taria-hidden=\"true\"><\/span>\t\t\t\t\t\t\t<\/div>\n\t\t\t\t\t\t\t<div class=\"sow-accordion-close-button\">\n\t\t\t\t\t\t\t\t<span class=\"sow-icon-fontawesome sow-fas\" data-sow-icon=\"&#xf068;\"\n\t\t \n\t\taria-hidden=\"true\"><\/span>\t\t\t\t\t\t\t<\/div>\n\t\t\t\t\t\t<\/div>\n\t\t\t\t\t<\/div>\n\t\t\t\t<\/div>\n\n\t\t\t<div\n\t\t\t\tclass=\"sow-accordion-panel-content\"\n\t\t\t\trole=\"region\"\n\t\t\t\taria-labelledby=\"accordion-label-bed-breakfast-program\"\n\t\t\t\tid=\"accordion-content-bed-breakfast-program\"\n\t\t\t\tstyle=\"display: none;\"\t\t\t>\n\t\t\t\t<div class=\"sow-accordion-panel-border\">\n\t\t\t\t\t<p><strong>3 d\u00edas y 2 noches de alojamiento<\/strong><\/p>\n<ul>\n<li>Alojamiento: Mansi\u00f3n de estilo pompeyano de 1880, con una capilla adjunta de 1885, rodeada por un parque de 40 hect\u00e1reas declarado Monumento Hist\u00f3rico.<\/li>\n<li>Desayuno.<\/li>\n<li>Botella de bienvenida de vino Casa Real en la habitaci\u00f3n.<\/li>\n<li>Recorridos patrimoniales: capilla, parque, ba\u00f1os romanos, Museo Andino, mansi\u00f3n Do\u00f1a Paula, cafeter\u00eda La Panader\u00eda.<\/li>\n<li>Acceso a bicicletas para recorrer el vi\u00f1edo o nuestro parque de 40 hect\u00e1reas, dise\u00f1ado por Guillermo Renner.<\/li>\n<li>Uso de las instalaciones: sal\u00f3n rojo, sala de m\u00fasica, sala de billar, piscina, sauna.<\/li>\n<\/ul>\n<p><strong>PRECIOS POR PERSONA EN HABITACI\u00d3N DOBLE<\/strong><\/p>\n<p>Habitaci\u00f3n Est\u00e1ndar \u2192 U$ 650<\/p>\n<p>Suite \u2192\u00a0 USD 715<\/p>\n\t\t\t\t<\/div>\n\t\t\t<\/div>\n\t\t<\/div>\n\t\t\t<div class=\"sow-accordion-panel\"\n\t\t\tdata-anchor-id=\"full-board-program\">\n\t\t\t\t<div class=\"sow-accordion-panel-header-container\" role=\"heading\" aria-level=\"2\">\n\t\t\t\t\t<div class=\"sow-accordion-panel-header\" tabindex=\"0\" role=\"button\" id=\"accordion-label-full-board-program\" aria-controls=\"accordion-content-full-board-program\" aria-expanded=\"false\">\n\t\t\t\t\t\t<div class=\"sow-accordion-title sow-accordion-title-icon-left\">\n\t\t\t\t\t\t\t\t\t\t\t\t\t\tPROGRAMA DE PENSI\u00d3N COMPLETA\t\t\t\t\t\t\t\t\t\t\t\t\t<\/div>\n\t\t\t\t\t\t<div class=\"sow-accordion-open-close-button\">\n\t\t\t\t\t\t\t<div class=\"sow-accordion-open-button\">\n\t\t\t\t\t\t\t\t<span class=\"sow-icon-fontawesome sow-fas\" data-sow-icon=\"&#x2b;\"\n\t\t \n\t\taria-hidden=\"true\"><\/span>\t\t\t\t\t\t\t<\/div>\n\t\t\t\t\t\t\t<div class=\"sow-accordion-close-button\">\n\t\t\t\t\t\t\t\t<span class=\"sow-icon-fontawesome sow-fas\" data-sow-icon=\"&#xf068;\"\n\t\t \n\t\taria-hidden=\"true\"><\/span>\t\t\t\t\t\t\t<\/div>\n\t\t\t\t\t\t<\/div>\n\t\t\t\t\t<\/div>\n\t\t\t\t<\/div>\n\n\t\t\t<div\n\t\t\t\tclass=\"sow-accordion-panel-content\"\n\t\t\t\trole=\"region\"\n\t\t\t\taria-labelledby=\"accordion-label-full-board-program\"\n\t\t\t\tid=\"accordion-content-full-board-program\"\n\t\t\t\tstyle=\"display: none;\"\t\t\t>\n\t\t\t\t<div class=\"sow-accordion-panel-border\">\n\t\t\t\t\t<ul>\n<li>Alojamiento: Mansi\u00f3n de estilo pompeyano de 1880, con una capilla adjunta de 1885, rodeada por un parque de los a\u00f1os 40, declarado Monumento Hist\u00f3rico.<\/li>\n<li>Desayuno, almuerzo (en el hotel, restaurante Do\u00f1a Paula o picnic en nuestros parques), aperitivo y cena. Incluye bebidas, vinos espumosos y vinos premium.<\/li>\n<li>Botella de bienvenida de vino Casa Real en su habitaci\u00f3n.<\/li>\n<li>Tour Premium: Recorrido guiado por nuestro parque centenario,<\/li>\n<li>Ba\u00f1os romanos, capilla neo-g\u00f3tica y bodegas centenarias. Finaliza con una degustaci\u00f3n de los tres mejores vinos de nuestra bodega, acompa\u00f1ado de una tabla de quesos y nueces (servicio exclusivo para hu\u00e9spedes del Hotel Casa Real).<\/li>\n<li>Sunset Casa Real: Degustaci\u00f3n tem\u00e1tica autoguiada en nuestra terraza o en nuestras salas de eventos.<\/li>\n<li>Visita al Museo Andino: Colecci\u00f3n etnogr\u00e1fica de m\u00e1s de 3,000 piezas de la Fundaci\u00f3n Claro Vial, ubicada en el centro de nuestros vi\u00f1edos.<\/li>\n<li>Acceso a bicicletas para recorrer el vi\u00f1edo o nuestro parque de 40 hect\u00e1reas, dise\u00f1ado por Guillermo Renner.<\/li>\n<\/ul>\n<p><strong>PRECIOS POR PERSONA EN HABITACI\u00d3N DOBLE<\/strong><\/p>\n<p>Habitaci\u00f3n Est\u00e1ndar \u2192 U$ 588<\/p>\n<p>Suite \u2192\u00a0 U$ 665<\/p>\n\t\t\t\t<\/div>\n\t\t\t<\/div>\n\t\t<\/div>\n\t\t\t<div class=\"sow-accordion-panel\"\n\t\t\tdata-anchor-id=\"services-and-activities-with-additional-costs\">\n\t\t\t\t<div class=\"sow-accordion-panel-header-container\" role=\"heading\" aria-level=\"2\">\n\t\t\t\t\t<div class=\"sow-accordion-panel-header\" tabindex=\"0\" role=\"button\" id=\"accordion-label-services-and-activities-with-additional-costs\" aria-controls=\"accordion-content-services-and-activities-with-additional-costs\" aria-expanded=\"false\">\n\t\t\t\t\t\t<div class=\"sow-accordion-title sow-accordion-title-icon-left\">\n\t\t\t\t\t\t\t\t\t\t\t\t\t\tSERVICIOS Y ACTIVIDADES CON COSTOS ADICIONALES\t\t\t\t\t\t\t\t\t\t\t\t\t<\/div>\n\t\t\t\t\t\t<div class=\"sow-accordion-open-close-button\">\n\t\t\t\t\t\t\t<div class=\"sow-accordion-open-button\">\n\t\t\t\t\t\t\t\t<span class=\"sow-icon-fontawesome sow-fas\" data-sow-icon=\"&#x2b;\"\n\t\t \n\t\taria-hidden=\"true\"><\/span>\t\t\t\t\t\t\t<\/div>\n\t\t\t\t\t\t\t<div class=\"sow-accordion-close-button\">\n\t\t\t\t\t\t\t\t<span class=\"sow-icon-fontawesome sow-fas\" data-sow-icon=\"&#xf068;\"\n\t\t \n\t\taria-hidden=\"true\"><\/span>\t\t\t\t\t\t\t<\/div>\n\t\t\t\t\t\t<\/div>\n\t\t\t\t\t<\/div>\n\t\t\t\t<\/div>\n\n\t\t\t<div\n\t\t\t\tclass=\"sow-accordion-panel-content\"\n\t\t\t\trole=\"region\"\n\t\t\t\taria-labelledby=\"accordion-label-services-and-activities-with-additional-costs\"\n\t\t\t\tid=\"accordion-content-services-and-activities-with-additional-costs\"\n\t\t\t\tstyle=\"display: none;\"\t\t\t>\n\t\t\t\t<div class=\"sow-accordion-panel-border\">\n\t\t\t\t\t<ul>\n<li>Traslados hacia\/desde Santiago. Pedal Bar (m\u00ednimo 8 personas, m\u00e1ximo 12)<\/li>\n<li>Recorrido por el centro hist\u00f3rico, vi\u00f1edos y parque en el primer bar a pedal de Chile.\nExperiencia Vinicultor (m\u00ednimo 6 personas):<\/li>\n<li>Vive la experiencia de ser un vinicultor por un d\u00eda.\n- Recorrido privado por el museo.<\/li>\n<li>Bike &amp; Wine: Recorrido por los vi\u00f1edos, visitando miradores y el sitio del redescubrimiento del Carmenere.<\/li>\n<li>Tours a Bodegas Maipo: Visita a dos bodegas emblem\u00e1ticas en uno de los valles vitivin\u00edcolas m\u00e1s prestigiosos de Chile. -Trekking guiado por los cerros que rodean Vi\u00f1a Santa Rita. Todas nuestras experiencias deben ser agendadas con al menos una semana de antelaci\u00f3n (tours, restaurantes, etc.).<\/li>\n<\/ul>\n\t\t\t\t<\/div>\n\t\t\t<\/div>\n\t\t<\/div>\n\t\t<\/div>\n<\/div>\n<\/div><\/div><\/div><\/div><div id=\"pg-340-8\"  class=\"panel-grid panel-no-style\" ><div id=\"pgc-340-8-0\"  class=\"panel-grid-cell\" ><div id=\"panel-340-8-0-0\" class=\"so-panel widget widget_sow-editor panel-first-child panel-last-child\" data-index=\"13\" ><div\n\t\t\t\n\t\t\tclass=\"so-widget-sow-editor so-widget-sow-editor-base\"\n\t\t\t\n\t\t>\n<div class=\"siteorigin-widget-tinymce textwidget\">\n\t<hr \/>\n<p>&nbsp;<\/p>\n<\/div>\n<\/div><\/div><\/div><\/div><div id=\"pg-340-9\"  class=\"panel-grid panel-no-style\" ><div id=\"pgc-340-9-0\"  class=\"panel-grid-cell\" ><div id=\"panel-340-9-0-0\" class=\"so-panel widget widget_sow-editor panel-first-child panel-last-child\" data-index=\"14\" ><div\n\t\t\t\n\t\t\tclass=\"so-widget-sow-editor so-widget-sow-editor-base\"\n\t\t\t\n\t\t><h3 class=\"widget-title\">SUR DE CHILE<\/h3>\n<div class=\"siteorigin-widget-tinymce textwidget\">\n\t<p><span data-huuid=\"9071984416030302028\">El sur de Chile es una regi\u00f3n diversa con volcanes cubiertos de nieve, lagos, r\u00edos, fiordos, glaciares e islas. Es conocido por su belleza natural y recreaci\u00f3n al aire libre.<\/span><\/p>\n<p><strong>Geograf\u00eda<\/strong><br \/>\n<span data-huuid=\"11169492799752359297\">Los Andes pierden altitud y sus cumbres se separan m\u00e1s a medida que se avanza hacia el sur.<span class=\"pjBG2e\" data-cid=\"723dd26e-d676-4ffb-82a1-0d4c65544593\"><span class=\"UV3uM\">\u00a0<\/span><\/span><\/span><br \/>\n<span data-huuid=\"11169492799752358583\">La costa se convierte en un mosaico de fiordos, canales e islas en la Patagonia.<span class=\"pjBG2e\" data-cid=\"ace4f16d-67b6-4b74-a7c9-252b42af42e9\"><span class=\"UV3uM\">\u00a0<\/span><\/span><\/span><br \/>\n<span data-huuid=\"11169492799752357869\">El Archipi\u00e9lago de Chilo\u00e9 es un grupo de islas verdes y exuberantes.<\/span><\/p>\n<p><strong>Atracciones<\/strong><br \/>\n- Disfruta de los lagos en verano<br \/>\n- Pescar en los r\u00edos<br \/>\n- Hacer senderismo en el Parque Nacional Torres del Paine<br \/>\n- Visitar las cascadas de Los Saltos de Petrohu\u00e9<br \/>\n- Visitar los tradicionales pueblos alemanes alrededor del Lago Llanquihue<\/p>\n<\/div>\n<\/div><\/div><\/div><div id=\"pgc-340-9-1\"  class=\"panel-grid-cell\" ><div id=\"panel-340-9-1-0\" class=\"so-panel widget widget_sow-image panel-first-child panel-last-child\" data-index=\"15\" ><div\n\t\t\t\n\t\t\tclass=\"so-widget-sow-image so-widget-sow-image-default-8b5b6f678277-340\"\n\t\t\t\n\t\t>\n<div class=\"sow-image-container\">\n\t\t<img loading=\"lazy\" \n\tsrc=\"https:\/\/www.idfwds2025.com\/wp-content\/uploads\/2025\/03\/Sur-de-Chile.png\" width=\"1000\" height=\"577\" srcset=\"https:\/\/www.idfwds2025.com\/wp-content\/uploads\/2025\/03\/Sur-de-Chile.png 1000w, https:\/\/www.idfwds2025.com\/wp-content\/uploads\/2025\/03\/Sur-de-Chile-300x173.png 300w, https:\/\/www.idfwds2025.com\/wp-content\/uploads\/2025\/03\/Sur-de-Chile-768x443.png 768w\" sizes=\"(max-width: 1000px) 100vw, 1000px\" title=\"Sur de Chile\" alt=\"\" \t\tclass=\"so-widget-image\"\/>\n\t<\/div>\n\n<\/div><\/div><\/div><\/div><div id=\"pg-340-10\"  class=\"panel-grid panel-no-style\" ><div id=\"pgc-340-10-0\"  class=\"panel-grid-cell\" ><div id=\"panel-340-10-0-0\" class=\"so-panel widget widget_siteorigin-panels-builder panel-first-child\" data-index=\"16\" ><div id=\"pl-w67e5f2e419ecc\"  class=\"panel-layout\" ><div id=\"pg-w67e5f2e419ecc-0\"  class=\"panel-grid panel-no-style\" ><div id=\"pgc-w67e5f2e419ecc-0-0\"  class=\"panel-grid-cell\" ><div id=\"panel-w67e5f2e419ecc-0-0-0\" class=\"so-panel widget widget_sow-slider panel-first-child panel-last-child\" data-index=\"0\" ><div\n\t\t\t\n\t\t\tclass=\"so-widget-sow-slider so-widget-sow-slider-default-6d39609536fd\"\n\t\t\t\n\t\t>\t\t\t\t<div class=\"sow-slider-base\" style=\"display: none\" tabindex=\"0\">\n\t\t\t\t\t<ul\n\t\t\t\t\tclass=\"sow-slider-images\"\n\t\t\t\t\tdata-settings=\"{&quot;pagination&quot;:true,&quot;speed&quot;:400,&quot;timeout&quot;:8000,&quot;paused&quot;:false,&quot;pause_on_hover&quot;:true,&quot;swipe&quot;:true,&quot;nav_always_show_desktop&quot;:&quot;&quot;,&quot;nav_always_show_mobile&quot;:&quot;&quot;,&quot;breakpoint&quot;:&quot;780px&quot;,&quot;unmute&quot;:false,&quot;anchor&quot;:null}\"\n\t\t\t\t\t\t\t\t\t\tdata-anchor-id=\"\"\n\t\t\t\t>\t\t<li class=\"sow-slider-image\" style=\"visibility: visible;\" >\n\t\t\t\t\t\t<img loading=\"lazy\" decoding=\"async\" width=\"530\" height=\"350\" src=\"https:\/\/www.idfwds2025.com\/wp-content\/uploads\/2025\/03\/H1.jpeg\" class=\"sow-slider-background-image\" alt=\"\" style=\"\" srcset=\"https:\/\/www.idfwds2025.com\/wp-content\/uploads\/2025\/03\/H1.jpeg 530w, https:\/\/www.idfwds2025.com\/wp-content\/uploads\/2025\/03\/H1-300x198.jpeg 300w, https:\/\/www.idfwds2025.com\/wp-content\/uploads\/2025\/03\/H1-263x174.jpeg 263w, https:\/\/www.idfwds2025.com\/wp-content\/uploads\/2025\/03\/H1-360x238.jpeg 360w\" sizes=\"(max-width: 530px) 100vw, 530px\" \/>\t\t<\/li>\n\t\t\t\t<li class=\"sow-slider-image\" style=\"visibility: hidden;\" >\n\t\t\t\t\t\t<img loading=\"lazy\" decoding=\"async\" width=\"300\" height=\"168\" src=\"https:\/\/www.idfwds2025.com\/wp-content\/uploads\/2025\/03\/H4.jpeg\" class=\"sow-slider-background-image\" alt=\"\" style=\"\" \/>\t\t<\/li>\n\t\t\t\t<li class=\"sow-slider-image\" style=\"visibility: hidden;\" >\n\t\t\t\t\t\t<img loading=\"lazy\" decoding=\"async\" width=\"900\" height=\"500\" src=\"https:\/\/www.idfwds2025.com\/wp-content\/uploads\/2025\/03\/H5.jpg\" class=\"sow-slider-background-image\" alt=\"\" style=\"\" srcset=\"https:\/\/www.idfwds2025.com\/wp-content\/uploads\/2025\/03\/H5.jpg 900w, https:\/\/www.idfwds2025.com\/wp-content\/uploads\/2025\/03\/H5-300x167.jpg 300w, https:\/\/www.idfwds2025.com\/wp-content\/uploads\/2025\/03\/H5-768x427.jpg 768w\" sizes=\"(max-width: 900px) 100vw, 900px\" \/>\t\t<\/li>\n\t\t\t\t<li class=\"sow-slider-image\" style=\"visibility: hidden;\" >\n\t\t\t\t\t\t<img loading=\"lazy\" decoding=\"async\" width=\"1200\" height=\"800\" src=\"https:\/\/www.idfwds2025.com\/wp-content\/uploads\/2025\/03\/H2.jpg\" class=\"sow-slider-background-image\" alt=\"\" style=\"\" srcset=\"https:\/\/www.idfwds2025.com\/wp-content\/uploads\/2025\/03\/H2.jpg 1200w, https:\/\/www.idfwds2025.com\/wp-content\/uploads\/2025\/03\/H2-300x200.jpg 300w, https:\/\/www.idfwds2025.com\/wp-content\/uploads\/2025\/03\/H2-1024x683.jpg 1024w, https:\/\/www.idfwds2025.com\/wp-content\/uploads\/2025\/03\/H2-768x512.jpg 768w, https:\/\/www.idfwds2025.com\/wp-content\/uploads\/2025\/03\/H2-263x174.jpg 263w, https:\/\/www.idfwds2025.com\/wp-content\/uploads\/2025\/03\/H2-272x182.jpg 272w, https:\/\/www.idfwds2025.com\/wp-content\/uploads\/2025\/03\/H2-360x240.jpg 360w, https:\/\/www.idfwds2025.com\/wp-content\/uploads\/2025\/03\/H2-720x480.jpg 720w\" sizes=\"(max-width: 1200px) 100vw, 1200px\" \/>\t\t<\/li>\n\t\t<\/ul>\t\t\t\t<ol class=\"sow-slider-pagination\">\n\t\t\t\t\t\t\t\t\t\t\t<li><a href=\"#\" data-goto=\"0\" aria-label=\"Mostrar diapositiva 1\"><\/a><\/li>\n\t\t\t\t\t\t\t\t\t\t\t<li><a href=\"#\" data-goto=\"1\" aria-label=\"Mostrar diapositiva 2\"><\/a><\/li>\n\t\t\t\t\t\t\t\t\t\t\t<li><a href=\"#\" data-goto=\"2\" aria-label=\"Mostrar diapositiva 3\"><\/a><\/li>\n\t\t\t\t\t\t\t\t\t\t\t<li><a href=\"#\" data-goto=\"3\" aria-label=\"Mostrar diapositiva 4\"><\/a><\/li>\n\t\t\t\t\t\t\t\t\t<\/ol>\n\n\t\t\t\t<div class=\"sow-slide-nav sow-slide-nav-next\">\n\t\t\t\t\t<a href=\"#\" data-goto=\"next\" aria-label=\"Diapositiva siguiente\" data-action=\"next\">\n\t\t\t\t\t\t<em class=\"sow-sld-icon-thin-right\"><\/em>\n\t\t\t\t\t<\/a>\n\t\t\t\t<\/div>\n\n\t\t\t\t<div class=\"sow-slide-nav sow-slide-nav-prev\">\n\t\t\t\t\t<a href=\"#\" data-goto=\"previous\" aria-label=\"Diapositiva anterior\" data-action=\"prev\">\n\t\t\t\t\t\t<em class=\"sow-sld-icon-thin-left\"><\/em>\n\t\t\t\t\t<\/a>\n\t\t\t\t<\/div>\n\t\t\t\t<\/div><\/div><\/div><\/div><div id=\"pgc-w67e5f2e419ecc-0-1\"  class=\"panel-grid-cell\" ><div id=\"panel-w67e5f2e419ecc-0-1-0\" class=\"so-panel widget widget_sow-editor panel-first-child panel-last-child\" data-index=\"1\" ><div\n\t\t\t\n\t\t\tclass=\"so-widget-sow-editor so-widget-sow-editor-base\"\n\t\t\t\n\t\t><h3 class=\"widget-title\">HUILO-HUILO<\/h3>\n<div class=\"siteorigin-widget-tinymce textwidget\">\n\t<p>Alternativa: La Reserva Biol\u00f3gica Huilo-Huilo est\u00e1 ubicada a 860 kil\u00f3metros al sur de Santiago, en la Regi\u00f3n de Los R\u00edos, en medio de los Andes Patag\u00f3nicos.<br \/>\nEl programa incluye pasajes a\u00e9reos, alojamiento y excursiones, precios en d\u00f3lares por persona.<\/p>\n<p><strong>PRECIOS POR PERSONA EN HABITACI\u00d3N DOBLE<\/strong><br \/>\n<span style=\"color: #3366ff;\"><a href=\"https:\/\/huilohuilo.com\/donde-alojar\/hoteles\/hotel-nothofagus\/\">Hotel Nothofagus<\/a> \u2192 U$ 1,690<\/span><\/p>\n<p><strong>INCLUYE<\/strong><br \/>\nTKT Temuco Cabina Econ\u00f3mica, 3 noches en Huilo Huilo, en el hotel Nothofagus, pensi\u00f3n completa (desayuno, almuerzo y cena), 1 bebida no alcoh\u00f3lica de su elecci\u00f3n (jugo, refresco o agua mineral), aperitivo de bienvenida, acceso al Spa Lawenko, acceso a piscina, sauna, sala de relajaci\u00f3n, acceso a actividades autoguiadas, WiFi en \u00e1reas comunes.<\/p>\n<\/div>\n<\/div><\/div><\/div><\/div><\/div><\/div><div id=\"panel-340-10-0-1\" class=\"so-panel widget widget_sow-accordion panel-last-child\" data-index=\"17\" ><div\n\t\t\t\n\t\t\tclass=\"so-widget-sow-accordion so-widget-sow-accordion-default-08b99853d3df-340\"\n\t\t\t data-max-open-panels=\"0\" data-initial-scroll-panel=\"0\"\n\t\t><div>\n\t<div class=\"sow-accordion\">\n\t\t\t<div class=\"sow-accordion-panel\"\n\t\t\tdata-anchor-id=\"1st-day-arrival-at-the-huilo-huilo-biological-reserve\">\n\t\t\t\t<div class=\"sow-accordion-panel-header-container\" role=\"heading\" aria-level=\"2\">\n\t\t\t\t\t<div class=\"sow-accordion-panel-header\" tabindex=\"0\" role=\"button\" id=\"accordion-label-1st-day-arrival-at-the-huilo-huilo-biological-reserve\" aria-controls=\"accordion-content-1st-day-arrival-at-the-huilo-huilo-biological-reserve\" aria-expanded=\"false\">\n\t\t\t\t\t\t<div class=\"sow-accordion-title sow-accordion-title-icon-left\">\n\t\t\t\t\t\t\t\t\t\t\t\t\t\tD\u00cdA 1: LLEGADA A LA RESERVA BIOL\u00d3GICA HUILO HUILO\t\t\t\t\t\t\t\t\t\t\t\t\t<\/div>\n\t\t\t\t\t\t<div class=\"sow-accordion-open-close-button\">\n\t\t\t\t\t\t\t<div class=\"sow-accordion-open-button\">\n\t\t\t\t\t\t\t\t<span class=\"sow-icon-fontawesome sow-fas\" data-sow-icon=\"&#x2b;\"\n\t\t \n\t\taria-hidden=\"true\"><\/span>\t\t\t\t\t\t\t<\/div>\n\t\t\t\t\t\t\t<div class=\"sow-accordion-close-button\">\n\t\t\t\t\t\t\t\t<span class=\"sow-icon-fontawesome sow-fas\" data-sow-icon=\"&#xf068;\"\n\t\t \n\t\taria-hidden=\"true\"><\/span>\t\t\t\t\t\t\t<\/div>\n\t\t\t\t\t\t<\/div>\n\t\t\t\t\t<\/div>\n\t\t\t\t<\/div>\n\n\t\t\t<div\n\t\t\t\tclass=\"sow-accordion-panel-content\"\n\t\t\t\trole=\"region\"\n\t\t\t\taria-labelledby=\"accordion-label-1st-day-arrival-at-the-huilo-huilo-biological-reserve\"\n\t\t\t\tid=\"accordion-content-1st-day-arrival-at-the-huilo-huilo-biological-reserve\"\n\t\t\t\tstyle=\"display: none;\"\t\t\t>\n\t\t\t\t<div class=\"sow-accordion-panel-border\">\n\t\t\t\t\t<p>Traslado desde el aeropuerto de Temuco a la Reserva. A su llegada al hotel, podr\u00e1 hacer el check-in, disfrutar de una bebida de bienvenida y relajarse en las instalaciones del hotel o en el Spa Lawenko.<\/p>\n\t\t\t\t<\/div>\n\t\t\t<\/div>\n\t\t<\/div>\n\t\t\t<div class=\"sow-accordion-panel\"\n\t\t\tdata-anchor-id=\"2nd-day-free-day\">\n\t\t\t\t<div class=\"sow-accordion-panel-header-container\" role=\"heading\" aria-level=\"2\">\n\t\t\t\t\t<div class=\"sow-accordion-panel-header\" tabindex=\"0\" role=\"button\" id=\"accordion-label-2nd-day-free-day\" aria-controls=\"accordion-content-2nd-day-free-day\" aria-expanded=\"false\">\n\t\t\t\t\t\t<div class=\"sow-accordion-title sow-accordion-title-icon-left\">\n\t\t\t\t\t\t\t\t\t\t\t\t\t\tD\u00cdA 2: D\u00cdA LIBRE\t\t\t\t\t\t\t\t\t\t\t\t\t<\/div>\n\t\t\t\t\t\t<div class=\"sow-accordion-open-close-button\">\n\t\t\t\t\t\t\t<div class=\"sow-accordion-open-button\">\n\t\t\t\t\t\t\t\t<span class=\"sow-icon-fontawesome sow-fas\" data-sow-icon=\"&#x2b;\"\n\t\t \n\t\taria-hidden=\"true\"><\/span>\t\t\t\t\t\t\t<\/div>\n\t\t\t\t\t\t\t<div class=\"sow-accordion-close-button\">\n\t\t\t\t\t\t\t\t<span class=\"sow-icon-fontawesome sow-fas\" data-sow-icon=\"&#xf068;\"\n\t\t \n\t\taria-hidden=\"true\"><\/span>\t\t\t\t\t\t\t<\/div>\n\t\t\t\t\t\t<\/div>\n\t\t\t\t\t<\/div>\n\t\t\t\t<\/div>\n\n\t\t\t<div\n\t\t\t\tclass=\"sow-accordion-panel-content\"\n\t\t\t\trole=\"region\"\n\t\t\t\taria-labelledby=\"accordion-label-2nd-day-free-day\"\n\t\t\t\tid=\"accordion-content-2nd-day-free-day\"\n\t\t\t\tstyle=\"display: none;\"\t\t\t>\n\t\t\t\t<div class=\"sow-accordion-panel-border\">\n\t\t\t\t\t<p>You will have a day to get to know the Huilo Huilo Biological Reserve in your own way. Enjoy an exquisite breakfast and choose one of the self-guided activities available at the hotel. After lunch, we recommend visiting the wild boar or deer farm, or visiting the volcano museum. In the evening, dinner will be at the hotel.<\/p>\n\t\t\t\t<\/div>\n\t\t\t<\/div>\n\t\t<\/div>\n\t\t\t<div class=\"sow-accordion-panel\"\n\t\t\tdata-anchor-id=\"3rd-day-free-day\">\n\t\t\t\t<div class=\"sow-accordion-panel-header-container\" role=\"heading\" aria-level=\"2\">\n\t\t\t\t\t<div class=\"sow-accordion-panel-header\" tabindex=\"0\" role=\"button\" id=\"accordion-label-3rd-day-free-day\" aria-controls=\"accordion-content-3rd-day-free-day\" aria-expanded=\"false\">\n\t\t\t\t\t\t<div class=\"sow-accordion-title sow-accordion-title-icon-left\">\n\t\t\t\t\t\t\t\t\t\t\t\t\t\t3rd DAY FREE DAY\t\t\t\t\t\t\t\t\t\t\t\t\t<\/div>\n\t\t\t\t\t\t<div class=\"sow-accordion-open-close-button\">\n\t\t\t\t\t\t\t<div class=\"sow-accordion-open-button\">\n\t\t\t\t\t\t\t\t<span class=\"sow-icon-fontawesome sow-fas\" data-sow-icon=\"&#x2b;\"\n\t\t \n\t\taria-hidden=\"true\"><\/span>\t\t\t\t\t\t\t<\/div>\n\t\t\t\t\t\t\t<div class=\"sow-accordion-close-button\">\n\t\t\t\t\t\t\t\t<span class=\"sow-icon-fontawesome sow-fas\" data-sow-icon=\"&#xf068;\"\n\t\t \n\t\taria-hidden=\"true\"><\/span>\t\t\t\t\t\t\t<\/div>\n\t\t\t\t\t\t<\/div>\n\t\t\t\t\t<\/div>\n\t\t\t\t<\/div>\n\n\t\t\t<div\n\t\t\t\tclass=\"sow-accordion-panel-content\"\n\t\t\t\trole=\"region\"\n\t\t\t\taria-labelledby=\"accordion-label-3rd-day-free-day\"\n\t\t\t\tid=\"accordion-content-3rd-day-free-day\"\n\t\t\t\tstyle=\"display: none;\"\t\t\t>\n\t\t\t\t<div class=\"sow-accordion-panel-border\">\n\t\t\t\t\t<p>Tendr\u00e1 un d\u00eda libre para conocer la Reserva Biol\u00f3gica Huilo Huilo a su manera. Disfrute de un delicioso desayuno y elija una de las actividades autoguiadas disponibles en el hotel. Despu\u00e9s del almuerzo, recomendamos visitar la granja de jabal\u00edes o ciervos, o bien, visitar el museo del volc\u00e1n. Por la noche, la cena ser\u00e1 en el hotel.<\/p>\n\t\t\t\t<\/div>\n\t\t\t<\/div>\n\t\t<\/div>\n\t\t\t<div class=\"sow-accordion-panel\"\n\t\t\tdata-anchor-id=\"4th-day-departure-from-huilo-huilo\">\n\t\t\t\t<div class=\"sow-accordion-panel-header-container\" role=\"heading\" aria-level=\"2\">\n\t\t\t\t\t<div class=\"sow-accordion-panel-header\" tabindex=\"0\" role=\"button\" id=\"accordion-label-4th-day-departure-from-huilo-huilo\" aria-controls=\"accordion-content-4th-day-departure-from-huilo-huilo\" aria-expanded=\"false\">\n\t\t\t\t\t\t<div class=\"sow-accordion-title sow-accordion-title-icon-left\">\n\t\t\t\t\t\t\t\t\t\t\t\t\t\tD\u00cdA 4: SALIDA DE HUILO HUILO\t\t\t\t\t\t\t\t\t\t\t\t\t<\/div>\n\t\t\t\t\t\t<div class=\"sow-accordion-open-close-button\">\n\t\t\t\t\t\t\t<div class=\"sow-accordion-open-button\">\n\t\t\t\t\t\t\t\t<span class=\"sow-icon-fontawesome sow-fas\" data-sow-icon=\"&#x2b;\"\n\t\t \n\t\taria-hidden=\"true\"><\/span>\t\t\t\t\t\t\t<\/div>\n\t\t\t\t\t\t\t<div class=\"sow-accordion-close-button\">\n\t\t\t\t\t\t\t\t<span class=\"sow-icon-fontawesome sow-fas\" data-sow-icon=\"&#xf068;\"\n\t\t \n\t\taria-hidden=\"true\"><\/span>\t\t\t\t\t\t\t<\/div>\n\t\t\t\t\t\t<\/div>\n\t\t\t\t\t<\/div>\n\t\t\t\t<\/div>\n\n\t\t\t<div\n\t\t\t\tclass=\"sow-accordion-panel-content\"\n\t\t\t\trole=\"region\"\n\t\t\t\taria-labelledby=\"accordion-label-4th-day-departure-from-huilo-huilo\"\n\t\t\t\tid=\"accordion-content-4th-day-departure-from-huilo-huilo\"\n\t\t\t\tstyle=\"display: none;\"\t\t\t>\n\t\t\t\t<div class=\"sow-accordion-panel-border\">\n\t\t\t\t\t<p>Despu\u00e9s del desayuno, ser\u00e1 recogido para su traslado al aeropuerto de Temuco para regresar a Santiago.<\/p>\n\t\t\t\t<\/div>\n\t\t\t<\/div>\n\t\t<\/div>\n\t\t<\/div>\n<\/div>\n<\/div><\/div><\/div><\/div><div id=\"pg-340-11\"  class=\"panel-grid panel-no-style\" ><div id=\"pgc-340-11-0\"  class=\"panel-grid-cell\" ><div id=\"panel-340-11-0-0\" class=\"so-panel widget widget_siteorigin-panels-builder panel-first-child\" data-index=\"18\" ><div id=\"pl-w67e5f2e41a6e4\"  class=\"panel-layout\" ><div id=\"pg-w67e5f2e41a6e4-0\"  class=\"panel-grid panel-no-style\" ><div id=\"pgc-w67e5f2e41a6e4-0-0\"  class=\"panel-grid-cell\" ><div id=\"panel-w67e5f2e41a6e4-0-0-0\" class=\"so-panel widget widget_sow-slider panel-first-child panel-last-child\" data-index=\"0\" ><div\n\t\t\t\n\t\t\tclass=\"so-widget-sow-slider so-widget-sow-slider-default-6d39609536fd\"\n\t\t\t\n\t\t>\t\t\t\t<div class=\"sow-slider-base\" style=\"display: none\" tabindex=\"0\">\n\t\t\t\t\t<ul\n\t\t\t\t\tclass=\"sow-slider-images\"\n\t\t\t\t\tdata-settings=\"{&quot;pagination&quot;:true,&quot;speed&quot;:400,&quot;timeout&quot;:8000,&quot;paused&quot;:false,&quot;pause_on_hover&quot;:true,&quot;swipe&quot;:true,&quot;nav_always_show_desktop&quot;:&quot;&quot;,&quot;nav_always_show_mobile&quot;:&quot;&quot;,&quot;breakpoint&quot;:&quot;780px&quot;,&quot;unmute&quot;:false,&quot;anchor&quot;:null}\"\n\t\t\t\t\t\t\t\t\t\tdata-anchor-id=\"\"\n\t\t\t\t>\t\t<li class=\"sow-slider-image\" style=\"visibility: visible;\" >\n\t\t\t\t\t\t<img loading=\"lazy\" decoding=\"async\" width=\"650\" height=\"427\" src=\"https:\/\/www.idfwds2025.com\/wp-content\/uploads\/2025\/03\/PV1.jpg\" class=\"sow-slider-background-image\" alt=\"\" style=\"\" srcset=\"https:\/\/www.idfwds2025.com\/wp-content\/uploads\/2025\/03\/PV1.jpg 650w, https:\/\/www.idfwds2025.com\/wp-content\/uploads\/2025\/03\/PV1-300x197.jpg 300w, https:\/\/www.idfwds2025.com\/wp-content\/uploads\/2025\/03\/PV1-263x174.jpg 263w\" sizes=\"(max-width: 650px) 100vw, 650px\" \/>\t\t<\/li>\n\t\t\t\t<li class=\"sow-slider-image\" style=\"visibility: hidden;\" >\n\t\t\t\t\t\t<img loading=\"lazy\" decoding=\"async\" width=\"1024\" height=\"540\" src=\"https:\/\/www.idfwds2025.com\/wp-content\/uploads\/2025\/03\/PV4.jpeg\" class=\"sow-slider-background-image\" alt=\"\" style=\"\" srcset=\"https:\/\/www.idfwds2025.com\/wp-content\/uploads\/2025\/03\/PV4.jpeg 1024w, https:\/\/www.idfwds2025.com\/wp-content\/uploads\/2025\/03\/PV4-300x158.jpeg 300w, https:\/\/www.idfwds2025.com\/wp-content\/uploads\/2025\/03\/PV4-768x405.jpeg 768w\" sizes=\"(max-width: 1024px) 100vw, 1024px\" \/>\t\t<\/li>\n\t\t\t\t<li class=\"sow-slider-image\" style=\"visibility: hidden;\" >\n\t\t\t\t\t\t<img loading=\"lazy\" decoding=\"async\" width=\"1320\" height=\"880\" src=\"https:\/\/www.idfwds2025.com\/wp-content\/uploads\/2025\/03\/PV3.jpg\" class=\"sow-slider-background-image\" alt=\"\" style=\"\" srcset=\"https:\/\/www.idfwds2025.com\/wp-content\/uploads\/2025\/03\/PV3.jpg 1320w, https:\/\/www.idfwds2025.com\/wp-content\/uploads\/2025\/03\/PV3-300x200.jpg 300w, https:\/\/www.idfwds2025.com\/wp-content\/uploads\/2025\/03\/PV3-1024x683.jpg 1024w, https:\/\/www.idfwds2025.com\/wp-content\/uploads\/2025\/03\/PV3-768x512.jpg 768w, https:\/\/www.idfwds2025.com\/wp-content\/uploads\/2025\/03\/PV3-263x174.jpg 263w, https:\/\/www.idfwds2025.com\/wp-content\/uploads\/2025\/03\/PV3-272x182.jpg 272w, https:\/\/www.idfwds2025.com\/wp-content\/uploads\/2025\/03\/PV3-360x240.jpg 360w, https:\/\/www.idfwds2025.com\/wp-content\/uploads\/2025\/03\/PV3-720x480.jpg 720w\" sizes=\"(max-width: 1320px) 100vw, 1320px\" \/>\t\t<\/li>\n\t\t\t\t<li class=\"sow-slider-image\" style=\"visibility: hidden;\" >\n\t\t\t\t\t\t<img loading=\"lazy\" decoding=\"async\" width=\"1200\" height=\"803\" src=\"https:\/\/www.idfwds2025.com\/wp-content\/uploads\/2025\/03\/PV2.jpg\" class=\"sow-slider-background-image\" alt=\"\" style=\"\" srcset=\"https:\/\/www.idfwds2025.com\/wp-content\/uploads\/2025\/03\/PV2.jpg 1200w, https:\/\/www.idfwds2025.com\/wp-content\/uploads\/2025\/03\/PV2-300x201.jpg 300w, https:\/\/www.idfwds2025.com\/wp-content\/uploads\/2025\/03\/PV2-1024x685.jpg 1024w, https:\/\/www.idfwds2025.com\/wp-content\/uploads\/2025\/03\/PV2-768x514.jpg 768w, https:\/\/www.idfwds2025.com\/wp-content\/uploads\/2025\/03\/PV2-272x182.jpg 272w, https:\/\/www.idfwds2025.com\/wp-content\/uploads\/2025\/03\/PV2-360x240.jpg 360w\" sizes=\"(max-width: 1200px) 100vw, 1200px\" \/>\t\t<\/li>\n\t\t<\/ul>\t\t\t\t<ol class=\"sow-slider-pagination\">\n\t\t\t\t\t\t\t\t\t\t\t<li><a href=\"#\" data-goto=\"0\" aria-label=\"Mostrar diapositiva 1\"><\/a><\/li>\n\t\t\t\t\t\t\t\t\t\t\t<li><a href=\"#\" data-goto=\"1\" aria-label=\"Mostrar diapositiva 2\"><\/a><\/li>\n\t\t\t\t\t\t\t\t\t\t\t<li><a href=\"#\" data-goto=\"2\" aria-label=\"Mostrar diapositiva 3\"><\/a><\/li>\n\t\t\t\t\t\t\t\t\t\t\t<li><a href=\"#\" data-goto=\"3\" aria-label=\"Mostrar diapositiva 4\"><\/a><\/li>\n\t\t\t\t\t\t\t\t\t<\/ol>\n\n\t\t\t\t<div class=\"sow-slide-nav sow-slide-nav-next\">\n\t\t\t\t\t<a href=\"#\" data-goto=\"next\" aria-label=\"Diapositiva siguiente\" data-action=\"next\">\n\t\t\t\t\t\t<em class=\"sow-sld-icon-thin-right\"><\/em>\n\t\t\t\t\t<\/a>\n\t\t\t\t<\/div>\n\n\t\t\t\t<div class=\"sow-slide-nav sow-slide-nav-prev\">\n\t\t\t\t\t<a href=\"#\" data-goto=\"previous\" aria-label=\"Diapositiva anterior\" data-action=\"prev\">\n\t\t\t\t\t\t<em class=\"sow-sld-icon-thin-left\"><\/em>\n\t\t\t\t\t<\/a>\n\t\t\t\t<\/div>\n\t\t\t\t<\/div><\/div><\/div><\/div><div id=\"pgc-w67e5f2e41a6e4-0-1\"  class=\"panel-grid-cell\" ><div id=\"panel-w67e5f2e41a6e4-0-1-0\" class=\"so-panel widget widget_sow-editor panel-first-child panel-last-child\" data-index=\"1\" ><div\n\t\t\t\n\t\t\tclass=\"so-widget-sow-editor so-widget-sow-editor-base\"\n\t\t\t\n\t\t><h3 class=\"widget-title\">PUERTO VARAS<\/h3>\n<div class=\"siteorigin-widget-tinymce textwidget\">\n\t<p>Alternativa en el sur de Chile, Puerto Varas, a 1017 km de Santiago.<br \/>\nEl programa incluye pasajes a\u00e9reos, alojamiento y excursiones, precios en d\u00f3lares por persona.<\/p>\n<p>Puerto Varas y sus alrededores son un destino tur\u00edstico perfecto para quienes buscan combinar naturaleza, aventura, cultura y gastronom\u00eda en un entorno verdaderamente encantador.<\/p>\n<p><strong>PRECIOS POR PERSONA EN HABITACI\u00d3N DOBLE<\/strong><br \/>\n<span style=\"color: #3366ff;\"><a href=\"https:\/\/www.cumbrespuertovaras.com\/\">Hotel Cumbres 4*<\/a>\u2192 U$ 1,160<\/span><\/p>\n<p><strong>INCLUYE<\/strong><br \/>\nTKT Cabina Econ\u00f3mica, 3 noches de alojamiento en hotel seleccionado con desayuno, traslado desde el aeropuerto de Puerto Montt al hotel en Puerto Varas, d\u00eda completo Lago Todos los Santos y Villa Peulla con almuerzo (regular), medio d\u00eda Lago Llanquihue \u2013 Frutillar y Puerto Octay (regular), traslado desde el hotel en Puerto Varas al aeropuerto de Puerto Montt.<\/p>\n<\/div>\n<\/div><\/div><\/div><\/div><\/div><\/div><div id=\"panel-340-11-0-1\" class=\"so-panel widget widget_sow-accordion panel-last-child\" data-index=\"19\" ><div\n\t\t\t\n\t\t\tclass=\"so-widget-sow-accordion so-widget-sow-accordion-default-08b99853d3df-340\"\n\t\t\t data-max-open-panels=\"0\" data-initial-scroll-panel=\"0\"\n\t\t><div>\n\t<div class=\"sow-accordion\">\n\t\t\t<div class=\"sow-accordion-panel\"\n\t\t\tdata-anchor-id=\"day-1-puerto-montt-puerto-varas\">\n\t\t\t\t<div class=\"sow-accordion-panel-header-container\" role=\"heading\" aria-level=\"2\">\n\t\t\t\t\t<div class=\"sow-accordion-panel-header\" tabindex=\"0\" role=\"button\" id=\"accordion-label-day-1-puerto-montt-%e2%80%93-puerto-varas\" aria-controls=\"accordion-content-day-1-puerto-montt-%e2%80%93-puerto-varas\" aria-expanded=\"false\">\n\t\t\t\t\t\t<div class=\"sow-accordion-title sow-accordion-title-icon-left\">\n\t\t\t\t\t\t\t\t\t\t\t\t\t\tD\u00cdA 1: PUERTO MONTT \u2013 PUERTO VARAS\t\t\t\t\t\t\t\t\t\t\t\t\t<\/div>\n\t\t\t\t\t\t<div class=\"sow-accordion-open-close-button\">\n\t\t\t\t\t\t\t<div class=\"sow-accordion-open-button\">\n\t\t\t\t\t\t\t\t<span class=\"sow-icon-fontawesome sow-fas\" data-sow-icon=\"&#x2b;\"\n\t\t \n\t\taria-hidden=\"true\"><\/span>\t\t\t\t\t\t\t<\/div>\n\t\t\t\t\t\t\t<div class=\"sow-accordion-close-button\">\n\t\t\t\t\t\t\t\t<span class=\"sow-icon-fontawesome sow-fas\" data-sow-icon=\"&#xf068;\"\n\t\t \n\t\taria-hidden=\"true\"><\/span>\t\t\t\t\t\t\t<\/div>\n\t\t\t\t\t\t<\/div>\n\t\t\t\t\t<\/div>\n\t\t\t\t<\/div>\n\n\t\t\t<div\n\t\t\t\tclass=\"sow-accordion-panel-content\"\n\t\t\t\trole=\"region\"\n\t\t\t\taria-labelledby=\"accordion-label-day-1-puerto-montt-%e2%80%93-puerto-varas\"\n\t\t\t\tid=\"accordion-content-day-1-puerto-montt-%e2%80%93-puerto-varas\"\n\t\t\t\tstyle=\"display: none;\"\t\t\t>\n\t\t\t\t<div class=\"sow-accordion-panel-border\">\n\t\t\t\t\t<p>Llegada al aeropuerto de Puerto Montt. Traslado al hotel en Puerto Varas.<\/p>\n\t\t\t\t<\/div>\n\t\t\t<\/div>\n\t\t<\/div>\n\t\t\t<div class=\"sow-accordion-panel\"\n\t\t\tdata-anchor-id=\"day-2-puerto-varas\">\n\t\t\t\t<div class=\"sow-accordion-panel-header-container\" role=\"heading\" aria-level=\"2\">\n\t\t\t\t\t<div class=\"sow-accordion-panel-header\" tabindex=\"0\" role=\"button\" id=\"accordion-label-day-2-puerto-varas\" aria-controls=\"accordion-content-day-2-puerto-varas\" aria-expanded=\"false\">\n\t\t\t\t\t\t<div class=\"sow-accordion-title sow-accordion-title-icon-left\">\n\t\t\t\t\t\t\t\t\t\t\t\t\t\tD\u00cdA 2: PUERTO VARAS\t\t\t\t\t\t\t\t\t\t\t\t\t<\/div>\n\t\t\t\t\t\t<div class=\"sow-accordion-open-close-button\">\n\t\t\t\t\t\t\t<div class=\"sow-accordion-open-button\">\n\t\t\t\t\t\t\t\t<span class=\"sow-icon-fontawesome sow-fas\" data-sow-icon=\"&#x2b;\"\n\t\t \n\t\taria-hidden=\"true\"><\/span>\t\t\t\t\t\t\t<\/div>\n\t\t\t\t\t\t\t<div class=\"sow-accordion-close-button\">\n\t\t\t\t\t\t\t\t<span class=\"sow-icon-fontawesome sow-fas\" data-sow-icon=\"&#xf068;\"\n\t\t \n\t\taria-hidden=\"true\"><\/span>\t\t\t\t\t\t\t<\/div>\n\t\t\t\t\t\t<\/div>\n\t\t\t\t\t<\/div>\n\t\t\t\t<\/div>\n\n\t\t\t<div\n\t\t\t\tclass=\"sow-accordion-panel-content\"\n\t\t\t\trole=\"region\"\n\t\t\t\taria-labelledby=\"accordion-label-day-2-puerto-varas\"\n\t\t\t\tid=\"accordion-content-day-2-puerto-varas\"\n\t\t\t\tstyle=\"display: none;\"\t\t\t>\n\t\t\t\t<div class=\"sow-accordion-panel-border\">\n\t\t\t\t\t<p>D\u00eda completo Lago Todos los Santos y Villa Peulla con almuerzo.<\/p>\n\t\t\t\t<\/div>\n\t\t\t<\/div>\n\t\t<\/div>\n\t\t\t<div class=\"sow-accordion-panel\"\n\t\t\tdata-anchor-id=\"day-3-puerto-varas\">\n\t\t\t\t<div class=\"sow-accordion-panel-header-container\" role=\"heading\" aria-level=\"2\">\n\t\t\t\t\t<div class=\"sow-accordion-panel-header\" tabindex=\"0\" role=\"button\" id=\"accordion-label-day-3-puerto-varas\" aria-controls=\"accordion-content-day-3-puerto-varas\" aria-expanded=\"false\">\n\t\t\t\t\t\t<div class=\"sow-accordion-title sow-accordion-title-icon-left\">\n\t\t\t\t\t\t\t\t\t\t\t\t\t\tD\u00cdA 3: PUERTO VARAS\t\t\t\t\t\t\t\t\t\t\t\t\t<\/div>\n\t\t\t\t\t\t<div class=\"sow-accordion-open-close-button\">\n\t\t\t\t\t\t\t<div class=\"sow-accordion-open-button\">\n\t\t\t\t\t\t\t\t<span class=\"sow-icon-fontawesome sow-fas\" data-sow-icon=\"&#x2b;\"\n\t\t \n\t\taria-hidden=\"true\"><\/span>\t\t\t\t\t\t\t<\/div>\n\t\t\t\t\t\t\t<div class=\"sow-accordion-close-button\">\n\t\t\t\t\t\t\t\t<span class=\"sow-icon-fontawesome sow-fas\" data-sow-icon=\"&#xf068;\"\n\t\t \n\t\taria-hidden=\"true\"><\/span>\t\t\t\t\t\t\t<\/div>\n\t\t\t\t\t\t<\/div>\n\t\t\t\t\t<\/div>\n\t\t\t\t<\/div>\n\n\t\t\t<div\n\t\t\t\tclass=\"sow-accordion-panel-content\"\n\t\t\t\trole=\"region\"\n\t\t\t\taria-labelledby=\"accordion-label-day-3-puerto-varas\"\n\t\t\t\tid=\"accordion-content-day-3-puerto-varas\"\n\t\t\t\tstyle=\"display: none;\"\t\t\t>\n\t\t\t\t<div class=\"sow-accordion-panel-border\">\n\t\t\t\t\t<p>Medio d\u00eda Lago Llanquihue \u2013 Frutillar y Puerto Octay.<\/p>\n\t\t\t\t<\/div>\n\t\t\t<\/div>\n\t\t<\/div>\n\t\t\t<div class=\"sow-accordion-panel\"\n\t\t\tdata-anchor-id=\"day-4-puerto-varas\">\n\t\t\t\t<div class=\"sow-accordion-panel-header-container\" role=\"heading\" aria-level=\"2\">\n\t\t\t\t\t<div class=\"sow-accordion-panel-header\" tabindex=\"0\" role=\"button\" id=\"accordion-label-day-4-puerto-varas\" aria-controls=\"accordion-content-day-4-puerto-varas\" aria-expanded=\"false\">\n\t\t\t\t\t\t<div class=\"sow-accordion-title sow-accordion-title-icon-left\">\n\t\t\t\t\t\t\t\t\t\t\t\t\t\tD\u00cdA 4: PUERTO VARAS\t\t\t\t\t\t\t\t\t\t\t\t\t<\/div>\n\t\t\t\t\t\t<div class=\"sow-accordion-open-close-button\">\n\t\t\t\t\t\t\t<div class=\"sow-accordion-open-button\">\n\t\t\t\t\t\t\t\t<span class=\"sow-icon-fontawesome sow-fas\" data-sow-icon=\"&#x2b;\"\n\t\t \n\t\taria-hidden=\"true\"><\/span>\t\t\t\t\t\t\t<\/div>\n\t\t\t\t\t\t\t<div class=\"sow-accordion-close-button\">\n\t\t\t\t\t\t\t\t<span class=\"sow-icon-fontawesome sow-fas\" data-sow-icon=\"&#xf068;\"\n\t\t \n\t\taria-hidden=\"true\"><\/span>\t\t\t\t\t\t\t<\/div>\n\t\t\t\t\t\t<\/div>\n\t\t\t\t\t<\/div>\n\t\t\t\t<\/div>\n\n\t\t\t<div\n\t\t\t\tclass=\"sow-accordion-panel-content\"\n\t\t\t\trole=\"region\"\n\t\t\t\taria-labelledby=\"accordion-label-day-4-puerto-varas\"\n\t\t\t\tid=\"accordion-content-day-4-puerto-varas\"\n\t\t\t\tstyle=\"display: none;\"\t\t\t>\n\t\t\t\t<div class=\"sow-accordion-panel-border\">\n\t\t\t\t\t<p>Desayuno. A la hora programada, traslado del hotel al aeropuerto en Puerto Montt.<\/p>\n\t\t\t\t<\/div>\n\t\t\t<\/div>\n\t\t<\/div>\n\t\t<\/div>\n<\/div>\n<\/div><\/div><\/div><\/div><div id=\"pg-340-12\"  class=\"panel-grid panel-no-style\" ><div id=\"pgc-340-12-0\"  class=\"panel-grid-cell\" ><div id=\"panel-340-12-0-0\" class=\"so-panel widget widget_sow-editor panel-first-child panel-last-child\" data-index=\"20\" ><div\n\t\t\t\n\t\t\tclass=\"so-widget-sow-editor so-widget-sow-editor-base\"\n\t\t\t\n\t\t>\n<div class=\"siteorigin-widget-tinymce textwidget\">\n\t<hr \/>\n<p>&nbsp;<\/p>\n<\/div>\n<\/div><\/div><\/div><\/div><div id=\"pg-340-13\"  class=\"panel-grid panel-no-style\" ><div id=\"pgc-340-13-0\"  class=\"panel-grid-cell\" ><div id=\"panel-340-13-0-0\" class=\"so-panel widget widget_sow-editor panel-first-child panel-last-child\" data-index=\"21\" ><div\n\t\t\t\n\t\t\tclass=\"so-widget-sow-editor so-widget-sow-editor-base\"\n\t\t\t\n\t\t><h3 class=\"widget-title\">PATAGONIA CHILENA<\/h3>\n<div class=\"siteorigin-widget-tinymce textwidget\">\n\t<p>La Frontera Salvaje<br \/>\nLa Patagonia chilena es una de las regiones m\u00e1s impresionantes y remotas del mundo, conocida por sus paisajes salvajes, glaciares imponentes, vastos fiordos, bosques densos y llanuras azotadas por el viento. Ubicada en la parte m\u00e1s austral de Chile, la Patagonia se extiende desde la regi\u00f3n de los Lagos hasta el Cabo de Hornos, abarcando algunos de los paisajes m\u00e1s dram\u00e1ticos del planeta y una naturaleza pr\u00edstina.<\/p>\n<p><strong>ATRACCIONES PRINCIPALES<\/strong><\/p>\n<p>- Parque Nacional Torres del Paine: Una Reserva de la Biosfera de la UNESCO, Torres del Paine es mundialmente famoso por sus picos monta\u00f1osos escarpados, lagos de aguas cristalinas y una extensa red de senderos. Los hitos ic\u00f3nicos incluyen las Tres Torres, el Glaciar Grey y el Lago Peho\u00e9.<br \/>\nActividades populares: senderismo, observaci\u00f3n de vida silvestre (guanacos, pumas y c\u00f3ndores) y kayak.<\/p>\n<\/div>\n<\/div><\/div><\/div><div id=\"pgc-340-13-1\"  class=\"panel-grid-cell\" ><div id=\"panel-340-13-1-0\" class=\"so-panel widget widget_sow-image panel-first-child panel-last-child\" data-index=\"22\" ><div\n\t\t\t\n\t\t\tclass=\"so-widget-sow-image so-widget-sow-image-default-8b5b6f678277-340\"\n\t\t\t\n\t\t>\n<div class=\"sow-image-container\">\n\t\t<img loading=\"lazy\" \n\tsrc=\"https:\/\/www.idfwds2025.com\/wp-content\/uploads\/2025\/03\/Patagonia-Chilena.png\" width=\"1000\" height=\"862\" srcset=\"https:\/\/www.idfwds2025.com\/wp-content\/uploads\/2025\/03\/Patagonia-Chilena.png 1000w, https:\/\/www.idfwds2025.com\/wp-content\/uploads\/2025\/03\/Patagonia-Chilena-300x259.png 300w, https:\/\/www.idfwds2025.com\/wp-content\/uploads\/2025\/03\/Patagonia-Chilena-768x662.png 768w\" sizes=\"(max-width: 1000px) 100vw, 1000px\" title=\"Patagonia Chilena\" alt=\"\" \t\tclass=\"so-widget-image\"\/>\n\t<\/div>\n\n<\/div><\/div><\/div><\/div><div id=\"pg-340-14\"  class=\"panel-grid panel-no-style\" ><div id=\"pgc-340-14-0\"  class=\"panel-grid-cell\" ><div id=\"panel-340-14-0-0\" class=\"so-panel widget widget_sow-editor panel-first-child panel-last-child\" data-index=\"23\" ><div\n\t\t\t\n\t\t\tclass=\"so-widget-sow-editor so-widget-sow-editor-base\"\n\t\t\t\n\t\t>\n<div class=\"siteorigin-widget-tinymce textwidget\">\n\t<p>- Puerto Natales y Punta Arenas: Puerto Natales es la puerta de entrada al Parque Nacional Torres del Paine y ofrece alojamientos encantadores, tours de aventura y vistas de los fiordos patag\u00f3nicos.<br \/>\nPunta Arenas, la ciudad m\u00e1s austral del continente chileno, destaca por sus edificios hist\u00f3ricos, el estrecho de Magallanes y las cercanas colonias de ping\u00fcinos, como Isla Magdalena.<br \/>\n- Los Campos de Hielo Sur: Esta vasta extensi\u00f3n de hielo es el campo de hielo no polar m\u00e1s grande del mundo. Los visitantes pueden explorar el impresionante Glaciar Grey o tomar paseos en barco para admirar las enormes paredes de hielo.<br \/>\n- Carretera Austral (Carretera del Sur): Una carretera pintoresca y remota que serpentea a trav\u00e9s de bosques pr\u00edstinos, lagos glaciares y pintorescos pueblos. El recorrido pasa por lugares como Cochrane, Villa O'Higgins y Cerro Castillo.<br \/>\n- Isla Chilo\u00e9: Aunque t\u00e9cnicamente est\u00e1 al norte de la Patagonia, Chilo\u00e9 a menudo se asocia con la regi\u00f3n debido a su cultura \u00fanica y su geograf\u00eda. La isla es conocida por sus coloridos palafitos (casas sobre pilotes), iglesias de madera (Patrimonio de la Humanidad de la UNESCO) y sus mitos y leyendas.<br \/>\n- Fiordos y Glaciares: Los fiordos patag\u00f3nicos ofrecen una belleza incomparable, con profundos valles, monta\u00f1as imponentes y glaciares que se derraman en el mar. Los paseos en barco brindan acceso a lugares como los glaciares Balmaceda y Serrano.<br \/>\n- Cabo de Hornos y Tierra del Fuego: Esta remota y ventosa \u00e1rea marca el punto m\u00e1s austral de la Patagonia chilena y es conocida por su clima severo, belleza salvaje e historia mar\u00edtima rica.<\/p>\n<\/div>\n<\/div><\/div><\/div><\/div><div id=\"pg-340-15\"  class=\"panel-grid panel-no-style\" ><div id=\"pgc-340-15-0\"  class=\"panel-grid-cell\" ><div id=\"panel-340-15-0-0\" class=\"so-panel widget widget_siteorigin-panels-builder panel-first-child\" data-index=\"24\" ><div id=\"pl-w67e5f2e41aed1\"  class=\"panel-layout\" ><div id=\"pg-w67e5f2e41aed1-0\"  class=\"panel-grid panel-no-style\" ><div id=\"pgc-w67e5f2e41aed1-0-0\"  class=\"panel-grid-cell\" ><div id=\"panel-w67e5f2e41aed1-0-0-0\" class=\"so-panel widget widget_sow-slider panel-first-child panel-last-child\" data-index=\"0\" ><div\n\t\t\t\n\t\t\tclass=\"so-widget-sow-slider so-widget-sow-slider-default-6d39609536fd\"\n\t\t\t\n\t\t>\t\t\t\t<div class=\"sow-slider-base\" style=\"display: none\" tabindex=\"0\">\n\t\t\t\t\t<ul\n\t\t\t\t\tclass=\"sow-slider-images\"\n\t\t\t\t\tdata-settings=\"{&quot;pagination&quot;:true,&quot;speed&quot;:400,&quot;timeout&quot;:8000,&quot;paused&quot;:false,&quot;pause_on_hover&quot;:true,&quot;swipe&quot;:true,&quot;nav_always_show_desktop&quot;:&quot;&quot;,&quot;nav_always_show_mobile&quot;:&quot;&quot;,&quot;breakpoint&quot;:&quot;780px&quot;,&quot;unmute&quot;:false,&quot;anchor&quot;:null}\"\n\t\t\t\t\t\t\t\t\t\tdata-anchor-id=\"\"\n\t\t\t\t>\t\t<li class=\"sow-slider-image\" style=\"visibility: visible;\" >\n\t\t\t\t\t\t<img loading=\"lazy\" decoding=\"async\" width=\"299\" height=\"168\" src=\"https:\/\/www.idfwds2025.com\/wp-content\/uploads\/2025\/03\/TP1.jpeg\" class=\"sow-slider-background-image\" alt=\"\" style=\"\" \/>\t\t<\/li>\n\t\t\t\t<li class=\"sow-slider-image\" style=\"visibility: hidden;\" >\n\t\t\t\t\t\t<img loading=\"lazy\" decoding=\"async\" width=\"1707\" height=\"1280\" src=\"https:\/\/www.idfwds2025.com\/wp-content\/uploads\/2025\/03\/TP2.jpg\" class=\"sow-slider-background-image\" alt=\"\" style=\"\" srcset=\"https:\/\/www.idfwds2025.com\/wp-content\/uploads\/2025\/03\/TP2.jpg 1707w, https:\/\/www.idfwds2025.com\/wp-content\/uploads\/2025\/03\/TP2-300x225.jpg 300w, https:\/\/www.idfwds2025.com\/wp-content\/uploads\/2025\/03\/TP2-1024x768.jpg 1024w, https:\/\/www.idfwds2025.com\/wp-content\/uploads\/2025\/03\/TP2-768x576.jpg 768w, https:\/\/www.idfwds2025.com\/wp-content\/uploads\/2025\/03\/TP2-1536x1152.jpg 1536w\" sizes=\"(max-width: 1707px) 100vw, 1707px\" \/>\t\t<\/li>\n\t\t\t\t<li class=\"sow-slider-image\" style=\"visibility: hidden;\" >\n\t\t\t\t\t\t<img loading=\"lazy\" decoding=\"async\" width=\"318\" height=\"159\" src=\"https:\/\/www.idfwds2025.com\/wp-content\/uploads\/2025\/03\/TP3.jpeg\" class=\"sow-slider-background-image\" alt=\"\" style=\"\" srcset=\"https:\/\/www.idfwds2025.com\/wp-content\/uploads\/2025\/03\/TP3.jpeg 318w, https:\/\/www.idfwds2025.com\/wp-content\/uploads\/2025\/03\/TP3-300x150.jpeg 300w\" sizes=\"(max-width: 318px) 100vw, 318px\" \/>\t\t<\/li>\n\t\t\t\t<li class=\"sow-slider-image\" style=\"visibility: hidden;\" >\n\t\t\t\t\t\t<img loading=\"lazy\" decoding=\"async\" width=\"650\" height=\"433\" src=\"https:\/\/www.idfwds2025.com\/wp-content\/uploads\/2025\/03\/TP4.jpg\" class=\"sow-slider-background-image\" alt=\"\" style=\"\" srcset=\"https:\/\/www.idfwds2025.com\/wp-content\/uploads\/2025\/03\/TP4.jpg 650w, https:\/\/www.idfwds2025.com\/wp-content\/uploads\/2025\/03\/TP4-300x200.jpg 300w, https:\/\/www.idfwds2025.com\/wp-content\/uploads\/2025\/03\/TP4-263x174.jpg 263w, https:\/\/www.idfwds2025.com\/wp-content\/uploads\/2025\/03\/TP4-272x182.jpg 272w, https:\/\/www.idfwds2025.com\/wp-content\/uploads\/2025\/03\/TP4-360x240.jpg 360w\" sizes=\"(max-width: 650px) 100vw, 650px\" \/>\t\t<\/li>\n\t\t<\/ul>\t\t\t\t<ol class=\"sow-slider-pagination\">\n\t\t\t\t\t\t\t\t\t\t\t<li><a href=\"#\" data-goto=\"0\" aria-label=\"Mostrar diapositiva 1\"><\/a><\/li>\n\t\t\t\t\t\t\t\t\t\t\t<li><a href=\"#\" data-goto=\"1\" aria-label=\"Mostrar diapositiva 2\"><\/a><\/li>\n\t\t\t\t\t\t\t\t\t\t\t<li><a href=\"#\" data-goto=\"2\" aria-label=\"Mostrar diapositiva 3\"><\/a><\/li>\n\t\t\t\t\t\t\t\t\t\t\t<li><a href=\"#\" data-goto=\"3\" aria-label=\"Mostrar diapositiva 4\"><\/a><\/li>\n\t\t\t\t\t\t\t\t\t<\/ol>\n\n\t\t\t\t<div class=\"sow-slide-nav sow-slide-nav-next\">\n\t\t\t\t\t<a href=\"#\" data-goto=\"next\" aria-label=\"Diapositiva siguiente\" data-action=\"next\">\n\t\t\t\t\t\t<em class=\"sow-sld-icon-thin-right\"><\/em>\n\t\t\t\t\t<\/a>\n\t\t\t\t<\/div>\n\n\t\t\t\t<div class=\"sow-slide-nav sow-slide-nav-prev\">\n\t\t\t\t\t<a href=\"#\" data-goto=\"previous\" aria-label=\"Diapositiva anterior\" data-action=\"prev\">\n\t\t\t\t\t\t<em class=\"sow-sld-icon-thin-left\"><\/em>\n\t\t\t\t\t<\/a>\n\t\t\t\t<\/div>\n\t\t\t\t<\/div><\/div><\/div><\/div><div id=\"pgc-w67e5f2e41aed1-0-1\"  class=\"panel-grid-cell\" ><div id=\"panel-w67e5f2e41aed1-0-1-0\" class=\"so-panel widget widget_sow-editor panel-first-child panel-last-child\" data-index=\"1\" ><div\n\t\t\t\n\t\t\tclass=\"so-widget-sow-editor so-widget-sow-editor-base\"\n\t\t\t\n\t\t><h3 class=\"widget-title\">TORRES DEL PAINE<\/h3>\n<div class=\"siteorigin-widget-tinymce textwidget\">\n\t<p>Alternativa en la Patagonia chilena, a 2,862 km de Santiago.<\/p>\n<p>El programa incluye pasajes a\u00e9reos, alojamiento y excursiones, precios en d\u00f3lares por persona.<\/p>\n<p><strong>PRECIOS POR PERSONA EN HABITACI\u00d3N DOBLE<\/strong><br \/>\n<span style=\"color: #3366ff;\"><a href=\"https:\/\/www.hotelcostaustralis.com\/habitaciones\">CostAustralis 4*<\/a> \u2192 U$ 1,208<\/span><\/p>\n<p><strong>INCLUYE<\/strong><\/p>\n<p>\u2022\tPasaje a\u00e9reo clase econ\u00f3mica.\n\u2022\tAlojamiento de 3 noches en hotel.\n\u2022\tTraslados privados desde y hacia el aeropuerto de Puerto Natales.\n\u2022\tDesayuno diario.\n\u2022\tD\u00eda completo regular: Parque Nacional Torres del Paine con almuerzo.\n\u2022\tNavegaci\u00f3n regular: Glaciares Balmaceda y Serrano con almuerzo.<\/p>\n<\/div>\n<\/div><\/div><\/div><\/div><\/div><\/div><div id=\"panel-340-15-0-1\" class=\"so-panel widget widget_sow-accordion panel-last-child\" data-index=\"25\" ><div\n\t\t\t\n\t\t\tclass=\"so-widget-sow-accordion so-widget-sow-accordion-default-08b99853d3df-340\"\n\t\t\t data-max-open-panels=\"0\" data-initial-scroll-panel=\"0\"\n\t\t><div>\n\t<div class=\"sow-accordion\">\n\t\t\t<div class=\"sow-accordion-panel\"\n\t\t\tdata-anchor-id=\"day-1-puerto-natales\">\n\t\t\t\t<div class=\"sow-accordion-panel-header-container\" role=\"heading\" aria-level=\"2\">\n\t\t\t\t\t<div class=\"sow-accordion-panel-header\" tabindex=\"0\" role=\"button\" id=\"accordion-label-day-1-puerto-natales\" aria-controls=\"accordion-content-day-1-puerto-natales\" aria-expanded=\"false\">\n\t\t\t\t\t\t<div class=\"sow-accordion-title sow-accordion-title-icon-left\">\n\t\t\t\t\t\t\t\t\t\t\t\t\t\tD\u00cdA 1: PUERTO NATALES\t\t\t\t\t\t\t\t\t\t\t\t\t<\/div>\n\t\t\t\t\t\t<div class=\"sow-accordion-open-close-button\">\n\t\t\t\t\t\t\t<div class=\"sow-accordion-open-button\">\n\t\t\t\t\t\t\t\t<span class=\"sow-icon-fontawesome sow-fas\" data-sow-icon=\"&#x2b;\"\n\t\t \n\t\taria-hidden=\"true\"><\/span>\t\t\t\t\t\t\t<\/div>\n\t\t\t\t\t\t\t<div class=\"sow-accordion-close-button\">\n\t\t\t\t\t\t\t\t<span class=\"sow-icon-fontawesome sow-fas\" data-sow-icon=\"&#xf068;\"\n\t\t \n\t\taria-hidden=\"true\"><\/span>\t\t\t\t\t\t\t<\/div>\n\t\t\t\t\t\t<\/div>\n\t\t\t\t\t<\/div>\n\t\t\t\t<\/div>\n\n\t\t\t<div\n\t\t\t\tclass=\"sow-accordion-panel-content\"\n\t\t\t\trole=\"region\"\n\t\t\t\taria-labelledby=\"accordion-label-day-1-puerto-natales\"\n\t\t\t\tid=\"accordion-content-day-1-puerto-natales\"\n\t\t\t\tstyle=\"display: none;\"\t\t\t>\n\t\t\t\t<div class=\"sow-accordion-panel-border\">\n\t\t\t\t\t<p>Llegada al Aeropuerto Teniente Julio Gallardo. Traslado al hotel. Alojamiento.<\/p>\n\t\t\t\t<\/div>\n\t\t\t<\/div>\n\t\t<\/div>\n\t\t\t<div class=\"sow-accordion-panel\"\n\t\t\tdata-anchor-id=\"day-2-puerto-natales-fd-p-nac-torres-del-paine\">\n\t\t\t\t<div class=\"sow-accordion-panel-header-container\" role=\"heading\" aria-level=\"2\">\n\t\t\t\t\t<div class=\"sow-accordion-panel-header\" tabindex=\"0\" role=\"button\" id=\"accordion-label-day-2-puerto-natales-fd-p-nac-torres-del-paine\" aria-controls=\"accordion-content-day-2-puerto-natales-fd-p-nac-torres-del-paine\" aria-expanded=\"false\">\n\t\t\t\t\t\t<div class=\"sow-accordion-title sow-accordion-title-icon-left\">\n\t\t\t\t\t\t\t\t\t\t\t\t\t\tD\u00cdA 2: PUERTO NATALES (FD P.NAC. TORRES DEL PAINE)\t\t\t\t\t\t\t\t\t\t\t\t\t<\/div>\n\t\t\t\t\t\t<div class=\"sow-accordion-open-close-button\">\n\t\t\t\t\t\t\t<div class=\"sow-accordion-open-button\">\n\t\t\t\t\t\t\t\t<span class=\"sow-icon-fontawesome sow-fas\" data-sow-icon=\"&#x2b;\"\n\t\t \n\t\taria-hidden=\"true\"><\/span>\t\t\t\t\t\t\t<\/div>\n\t\t\t\t\t\t\t<div class=\"sow-accordion-close-button\">\n\t\t\t\t\t\t\t\t<span class=\"sow-icon-fontawesome sow-fas\" data-sow-icon=\"&#xf068;\"\n\t\t \n\t\taria-hidden=\"true\"><\/span>\t\t\t\t\t\t\t<\/div>\n\t\t\t\t\t\t<\/div>\n\t\t\t\t\t<\/div>\n\t\t\t\t<\/div>\n\n\t\t\t<div\n\t\t\t\tclass=\"sow-accordion-panel-content\"\n\t\t\t\trole=\"region\"\n\t\t\t\taria-labelledby=\"accordion-label-day-2-puerto-natales-fd-p-nac-torres-del-paine\"\n\t\t\t\tid=\"accordion-content-day-2-puerto-natales-fd-p-nac-torres-del-paine\"\n\t\t\t\tstyle=\"display: none;\"\t\t\t>\n\t\t\t\t<div class=\"sow-accordion-panel-border\">\n\t\t\t\t\t<p>Desayuno en el hotel.<\/p>\n<p>Tour guiado de este parque natural recientemente reconocido como la Octava Maravilla del Mundo. La visita permite descubrir las principales atracciones de esta reserva natural y sus alrededores, como la Cueva del Milod\u00f3n, Cerro Castillo, Laguna Amarga y los lagos Sarmiento, Nordenskj\u00f6ld, Peho\u00e9 y Grey, donde se puede encontrar hielo antiguo.<\/p>\n<p>La excursi\u00f3n comienza con la primera parada en la Cueva del Milod\u00f3n, ubicada a 27 km de Puerto Natales, una caminata de aproximadamente 30 minutos.<\/p>\n<p>Tras un recorrido de 45 minutos, visitaremos Cerro Castillo, una m\u00edtica estancia donde viajaremos en el tiempo e imaginaremos los inicios de la colonizaci\u00f3n de la Patagonia, realizando un recorrido de unos 30 minutos.<\/p>\n<p>La entrada al parque nacional se estima para el mediod\u00eda, donde realizaremos una caminata y almorzaremos dentro del parque.<\/p>\n<p>Despu\u00e9s del almuerzo en el parque, nos dirigiremos al Lago y Glaciar Grey, parte del Campo de Hielo Sur. Un hermoso paseo a trav\u00e9s de bosques de lenga.<\/p>\n<p>Regreso al hotel. Alojamiento.<\/p>\n\t\t\t\t<\/div>\n\t\t\t<\/div>\n\t\t<\/div>\n\t\t\t<div class=\"sow-accordion-panel\"\n\t\t\tdata-anchor-id=\"day-3-puerto-natales-navigation-to-the-balmaceda-and-serrano-glacier\">\n\t\t\t\t<div class=\"sow-accordion-panel-header-container\" role=\"heading\" aria-level=\"2\">\n\t\t\t\t\t<div class=\"sow-accordion-panel-header\" tabindex=\"0\" role=\"button\" id=\"accordion-label-day-3-puerto-natales-navigation-to-the-balmaceda-and-serrano-glacier\" aria-controls=\"accordion-content-day-3-puerto-natales-navigation-to-the-balmaceda-and-serrano-glacier\" aria-expanded=\"false\">\n\t\t\t\t\t\t<div class=\"sow-accordion-title sow-accordion-title-icon-left\">\n\t\t\t\t\t\t\t\t\t\t\t\t\t\tD\u00cdA 3: PUERTO NATALES (NAVEGACI\u00d3N AL GLACIAR BALMACEDA Y SERRANO)\t\t\t\t\t\t\t\t\t\t\t\t\t<\/div>\n\t\t\t\t\t\t<div class=\"sow-accordion-open-close-button\">\n\t\t\t\t\t\t\t<div class=\"sow-accordion-open-button\">\n\t\t\t\t\t\t\t\t<span class=\"sow-icon-fontawesome sow-fas\" data-sow-icon=\"&#x2b;\"\n\t\t \n\t\taria-hidden=\"true\"><\/span>\t\t\t\t\t\t\t<\/div>\n\t\t\t\t\t\t\t<div class=\"sow-accordion-close-button\">\n\t\t\t\t\t\t\t\t<span class=\"sow-icon-fontawesome sow-fas\" data-sow-icon=\"&#xf068;\"\n\t\t \n\t\taria-hidden=\"true\"><\/span>\t\t\t\t\t\t\t<\/div>\n\t\t\t\t\t\t<\/div>\n\t\t\t\t\t<\/div>\n\t\t\t\t<\/div>\n\n\t\t\t<div\n\t\t\t\tclass=\"sow-accordion-panel-content\"\n\t\t\t\trole=\"region\"\n\t\t\t\taria-labelledby=\"accordion-label-day-3-puerto-natales-navigation-to-the-balmaceda-and-serrano-glacier\"\n\t\t\t\tid=\"accordion-content-day-3-puerto-natales-navigation-to-the-balmaceda-and-serrano-glacier\"\n\t\t\t\tstyle=\"display: none;\"\t\t\t>\n\t\t\t\t<div class=\"sow-accordion-panel-border\">\n\t\t\t\t\t<p>Desayuno en el hotel.<\/p>\n<p>Iniciaremos nuestra expedici\u00f3n en Puerto Natales, donde haremos el check-in para embarcar en el catamar\u00e1n. Comenzaremos nuestra navegaci\u00f3n por el Canal Se\u00f1oret, pasando frente al Monumento Hist\u00f3rico Nacional Frigor\u00edfico Bories, una construcci\u00f3n de 1913 que destaca por su arquitectura industrial estilo ingl\u00e9s post-victoriano. Continuaremos nuestro viaje hasta llegar a la Isla Guanaco, donde podremos observar los hermosos delfines magall\u00e1nicos, conocidos tambi\u00e9n como toninas, una maravilla que no te puedes perder.<\/p>\n<p>La navegaci\u00f3n continuar\u00e1 hasta llegar a nuestro destino principal, el Monte Balmaceda, desde donde podremos ver el espectacular Glaciar Balmaceda. Desembarcamos en Puerto Toro, donde junto a nuestro gu\u00eda, realizaremos una caminata de 1 km a lo largo de la orilla de la Laguna T\u00e9mpanos, por un camino no muy dif\u00edcil. Tras este descanso, continuaremos hacia el Glaciar Serrano, atravesando un bosque nativo de coig\u00fces, \u00f1irres y ciruelillos, disfrutando de la imponente vegetaci\u00f3n y el contraste entre el cielo y el hielo del mar. Al llegar al Glaciar Serrano, disfrutaremos de un whisky con hielo antiguo, acompa\u00f1ado de una espectacular vista panor\u00e1mica del Glaciar Serrano.<\/p>\n<p>Realizaremos una \u00faltima parada en un rancho Perales, donde nos espera un delicioso almuerzo t\u00edpico patag\u00f3nico con cordero al asador, despu\u00e9s del cual regresaremos a Puerto Natales. Alojamiento.<\/p>\n\t\t\t\t<\/div>\n\t\t\t<\/div>\n\t\t<\/div>\n\t\t\t<div class=\"sow-accordion-panel\"\n\t\t\tdata-anchor-id=\"day-4-puerto-natales\">\n\t\t\t\t<div class=\"sow-accordion-panel-header-container\" role=\"heading\" aria-level=\"2\">\n\t\t\t\t\t<div class=\"sow-accordion-panel-header\" tabindex=\"0\" role=\"button\" id=\"accordion-label-day-4-puerto-natales\" aria-controls=\"accordion-content-day-4-puerto-natales\" aria-expanded=\"false\">\n\t\t\t\t\t\t<div class=\"sow-accordion-title sow-accordion-title-icon-left\">\n\t\t\t\t\t\t\t\t\t\t\t\t\t\tD\u00cdA 4: PUERTO NATALES\t\t\t\t\t\t\t\t\t\t\t\t\t<\/div>\n\t\t\t\t\t\t<div class=\"sow-accordion-open-close-button\">\n\t\t\t\t\t\t\t<div class=\"sow-accordion-open-button\">\n\t\t\t\t\t\t\t\t<span class=\"sow-icon-fontawesome sow-fas\" data-sow-icon=\"&#x2b;\"\n\t\t \n\t\taria-hidden=\"true\"><\/span>\t\t\t\t\t\t\t<\/div>\n\t\t\t\t\t\t\t<div class=\"sow-accordion-close-button\">\n\t\t\t\t\t\t\t\t<span class=\"sow-icon-fontawesome sow-fas\" data-sow-icon=\"&#xf068;\"\n\t\t \n\t\taria-hidden=\"true\"><\/span>\t\t\t\t\t\t\t<\/div>\n\t\t\t\t\t\t<\/div>\n\t\t\t\t\t<\/div>\n\t\t\t\t<\/div>\n\n\t\t\t<div\n\t\t\t\tclass=\"sow-accordion-panel-content\"\n\t\t\t\trole=\"region\"\n\t\t\t\taria-labelledby=\"accordion-label-day-4-puerto-natales\"\n\t\t\t\tid=\"accordion-content-day-4-puerto-natales\"\n\t\t\t\tstyle=\"display: none;\"\t\t\t>\n\t\t\t\t<div class=\"sow-accordion-panel-border\">\n\t\t\t\t\t<p>Desayuno. A la hora programada, traslado al Aeropuerto Teniente Julio Gallardo.<\/p>\n\t\t\t\t<\/div>\n\t\t\t<\/div>\n\t\t<\/div>\n\t\t<\/div>\n<\/div>\n<\/div><\/div><\/div><\/div><\/div>","protected":false},"excerpt":{"rendered":"<p>Contact Miss Paola Bustos from the Turismo Costanera agency, indicating that you are an attendee\/visitor for the IDF WDS 2025.Email: Paolabustos@tcostanera.clMobile: +56 9 9232 4554 Northern Chile is known for its arid climate, unique landscapes, and opportunities for astronomy and mining. The region includes the Atacama Desert, the driest place on Earth. Geography Northern Chile&#8230;<\/p>\n<div class=\"more-link-wrapper\"><a class=\"more-link\" href=\"https:\/\/www.idfwds2025.com\/es\/pre-post-tours\/\"><span class=\"more-text\">Sigue leyendo<\/span><\/a><\/div>","protected":false},"author":1,"featured_media":0,"parent":0,"menu_order":0,"comment_status":"closed","ping_status":"closed","template":"","meta":{"footnotes":""},"class_list":["post-340","page","type-page","status-publish","hentry","post"],"_links":{"self":[{"href":"https:\/\/www.idfwds2025.com\/es\/wp-json\/wp\/v2\/pages\/340","targetHints":{"allow":["GET"]}}],"collection":[{"href":"https:\/\/www.idfwds2025.com\/es\/wp-json\/wp\/v2\/pages"}],"about":[{"href":"https:\/\/www.idfwds2025.com\/es\/wp-json\/wp\/v2\/types\/page"}],"author":[{"embeddable":true,"href":"https:\/\/www.idfwds2025.com\/es\/wp-json\/wp\/v2\/users\/1"}],"replies":[{"embeddable":true,"href":"https:\/\/www.idfwds2025.com\/es\/wp-json\/wp\/v2\/comments?post=340"}],"version-history":[{"count":10,"href":"https:\/\/www.idfwds2025.com\/es\/wp-json\/wp\/v2\/pages\/340\/revisions"}],"predecessor-version":[{"id":508,"href":"https:\/\/www.idfwds2025.com\/es\/wp-json\/wp\/v2\/pages\/340\/revisions\/508"}],"wp:attachment":[{"href":"https:\/\/www.idfwds2025.com\/es\/wp-json\/wp\/v2\/media?parent=340"}],"curies":[{"name":"wp","href":"https:\/\/api.w.org\/{rel}","templated":true}]}}